{"id":3066,"date":"2021-11-15T19:04:41","date_gmt":"2021-11-15T19:04:41","guid":{"rendered":"https:\/\/dynamic-partner.es\/?page_id=3066"},"modified":"2026-03-18T17:01:42","modified_gmt":"2026-03-18T17:01:42","slug":"news_1","status":"publish","type":"page","link":"https:\/\/www.dynamic-partners.es\/?page_id=3066","title":{"rendered":"Noticias-1"},"content":{"rendered":"<p>[et_pb_section fb_built=\u00bb1&#8243; fullwidth=\u00bbon\u00bb _builder_version=\u00bb4.9.10&#8243; _module_preset=\u00bbdefault\u00bb][et_pb_fullwidth_image src=\u00bbhttps:\/\/www.dynamic-partners.es\/wp-content\/uploads\/2026\/03\/valle-jerte-cerezos-flor-extremadura-s149191856.avif\u00bb title_text=\u00bbvalle-jerte-cerezos-flor-extremadura-s149191856&#8243; _builder_version=\u00bb4.9.10&#8243; _module_preset=\u00bbdefault\u00bb min_height=\u00bb425px\u00bb height=\u00bb450px\u00bb custom_margin=\u00bb||-77px|||\u00bb][\/et_pb_fullwidth_image][\/et_pb_section][et_pb_section fb_built=\u00bb1&#8243; _builder_version=\u00bb4.9.2&#8243; _module_preset=\u00bbdefault\u00bb custom_margin=\u00bb100px|||||\u00bb][et_pb_row _builder_version=\u00bb4.9.2&#8243; _module_preset=\u00bbdefault\u00bb custom_margin=\u00bb|auto||52px||\u00bb custom_padding=\u00bb12px|||||\u00bb][et_pb_column type=\u00bb4_4&#8243; _builder_version=\u00bb4.9.2&#8243; _module_preset=\u00bbdefault\u00bb][et_pb_text _builder_version=\u00bb4.9.10&#8243; _module_preset=\u00bbdefault\u00bb header_text_color=\u00bb#990048&#8243;]<\/p>\n<h1><strong>NOTICIAS DE\u00a0D&amp;P SU ASESOR DE EVENTOS EN ESPA\u00d1A Y MAS &#8230;<\/strong><\/h1>\n<p>[\/et_pb_text][\/et_pb_column][\/et_pb_row][et_pb_row column_structure=\u00bb1_2,1_2&#8243; _builder_version=\u00bb4.9.10&#8243; _module_preset=\u00bbdefault\u00bb width=\u00bb95%\u00bb custom_padding=\u00bb0px||27px|||\u00bb][et_pb_column type=\u00bb1_2&#8243; _builder_version=\u00bb4.9.2&#8243; _module_preset=\u00bbdefault\u00bb][et_pb_text _builder_version=\u00bb4.9.10&#8243; _module_preset=\u00bbdefault\u00bb]<\/p>\n<h3 style=\"text-align: left;\"><span style=\"color: #0000ff;\"><strong>Momentos \u00fanicos<\/strong><\/span><\/h3>\n<p>[\/et_pb_text][et_pb_text _builder_version=\u00bb4.9.10&#8243; _module_preset=\u00bbdefault\u00bb]<\/p>\n<p>\u00bfSabes lo que se dice en Espa\u00f1a? \u00a1Que la primavera la sangre altera! Y es que desde que aproximadamente empieza esta estaci\u00f3n el 21 de marzo hasta que finaliza el 21 de junio, las temperaturas se suavizan, comienza la \u00e9poca de floraciones y las terrazas de los bares se llenan de gente con ganas de dejar atr\u00e1s el invierno y de aprovecha que hay m\u00e1s horas de luz solar. Aqu\u00ed te contamos algunos planes perfectos para esta estaci\u00f3n. Prepara la c\u00e1mara para captar los campos de cerezos y almendros m\u00e1s impresionantes de nuestro pa\u00eds, bonitas cascadas en los Parques Nacionales o la decoraci\u00f3n de balcones con flores como geranios. Y vete olvidando del abrigo.<\/p>\n<p>Si hablamos de fiestas populares, con la entrada de la primavera llega <strong>la Semana Santa<\/strong> y m\u00e1s adelante se celebran la<strong> Feria de Abril de Sevilla<\/strong> y la<strong> Fiesta de los Patios de C\u00f3rdoba,<\/strong> disfrutando de un paseo por preciosos patios adornados con macetas de geranios, claveles y jazmines. Y siguiendo con las flores, en junio tambi\u00e9n se celebra el <strong>Corpus Christi<\/strong> y en lugares como San Crist\u00f3bal de La Laguna, Sitges o Ponteareas adornan las calles con enormes alfombras hechas con p\u00e9talos. <\/p>\n<p>[\/et_pb_text][\/et_pb_column][et_pb_column type=\u00bb1_2&#8243; _builder_version=\u00bb4.9.2&#8243; _module_preset=\u00bbdefault\u00bb][et_pb_image src=\u00bbhttps:\/\/www.dynamic-partners.es\/wp-content\/uploads\/2026\/03\/aitona.jpg\u00bb title_text=\u00bbaitona\u00bb align=\u00bbcenter\u00bb _builder_version=\u00bb4.9.10&#8243; _module_preset=\u00bbdefault\u00bb width=\u00bb88.6%\u00bb min_height=\u00bb283.2px\u00bb height=\u00bb270px\u00bb custom_margin=\u00bb17px|-89px|4px|-6px||\u00bb custom_padding=\u00bb102px|49px|3px|||\u00bb][\/et_pb_image][\/et_pb_column][\/et_pb_row][et_pb_row column_structure=\u00bb1_2,1_2&#8243; _builder_version=\u00bb4.9.10&#8243; _module_preset=\u00bbdefault\u00bb width=\u00bb95%\u00bb custom_margin=\u00bb41px|41px||auto||\u00bb custom_padding=\u00bb||5px|||\u00bb][et_pb_column type=\u00bb1_2&#8243; _builder_version=\u00bb4.9.2&#8243; _module_preset=\u00bbdefault\u00bb][et_pb_text _builder_version=\u00bb4.9.10&#8243; _module_preset=\u00bbdefault\u00bb header_3_text_color=\u00bb#5509f7&#8243;]<\/p>\n<h3><strong>Nuestras citas destacadas para esta temporada<\/strong><\/h3>\n<p>[\/et_pb_text][et_pb_text _builder_version=\u00bb4.9.10&#8243; _module_preset=\u00bbdefault\u00bb header_3_text_color=\u00bb#5509f7&#8243;]<\/p>\n<h3>Floraciones espectaculares y las fiestas m\u00e1s coloridas para vivir la primavera<\/h3>\n<p>[\/et_pb_text][et_pb_text _builder_version=\u00bb4.9.10&#8243; _module_preset=\u00bbdefault\u00bb custom_margin=\u00bb||24px|||\u00bb]<\/p>\n<p>\u00bfHas experimentado alguna vez lo que significa tener un mill\u00f3n y medio de cerezos en flor a tu alrededor? Este \u201cmilagro paisaj\u00edstico\u201d que lo cubre todo de blanco sucede en el Valle del Jerte (Extremadura) en marzo o abril dependiendo del tiempo y merece la pena contemplarlo al menos una vez en la vida.<br \/>\u00bfM\u00e1s floraciones para organizar un viaje? Tambi\u00e9n \u201cdespiertan\u201d en esas fechas los m\u00e1s de 50.000 cerezos del Valle de las Caderechas en Burgos y los de Sierra M\u00e1gina en Ja\u00e9n. Por su parte, la localidad riojana de Nalda celebra la Fiesta del Ciruelo en Flor y los campos de Cieza (en la Regi\u00f3n de Murcia) ven florecer sus \u00e1rboles frutales.<br \/>A finales de abril, le toca el turno a Asturias y su famosa Comarca de la Sidra si se quiere presenciar la floraci\u00f3n de los manzanos. Entre mayo y junio, Gredos Norte (\u00c1vila) se convierte en la Capital Mundial del Piorno en Flor y se ti\u00f1e de tonos amarillos. Y col\u00e1ndonos ya en el verano, en julio cada vez tiene m\u00e1s fama el Festival de la Lavanda de Brihuega (Guadalajara), cuando sus campos adquieren un color morado al que ning\u00fan instragramer se puede resistir.<br \/>Las flores son tambi\u00e9n las protagonistas de algunas de las fiestas m\u00e1s coloridas de Espa\u00f1a. Quiz\u00e1 la m\u00e1s conocida sea la de los Patios de C\u00f3rdoba en mayo (declarada Patrimonio Inmaterial de la Humanidad por la UNESCO), cuando podr\u00e1s pasearte por los patios m\u00e1s bonitos de la ciudad que compiten por conseguir las decoraciones m\u00e1s vistosas con macetas de geranios, claveles y jazmines. Tambi\u00e9n en mayo se celebra en Girona el Temps de flors (tiempo de flores) y los patios, monumentos y rincones de la ciudad se llenan de plantas y espacios florares.<br \/>Y siguiendo con las flores, en junio tiene lugar el Corpus Christi en lugares como Toledo, San Crist\u00f3bal de La Laguna (Tenerife), Sitges (Barcelona) o Ponteareas (Pontevedra) y se adornan las calles con enormes alfombras hechas de p\u00e9talos. <br \/>Nuestra propuesta es crear recorridos especialmente motivadores que suman la belleza del paisaje a otros intereses de los destinos, y hacerlo desde una perspectiva de las actividades, creando un producto cohesionado a lo largo de todo el a\u00f1o. El objetivo es crear una experiencia que apueste por el turismo sostenible y, especialmente, por la generaci\u00f3n de oportunidades econ\u00f3micas para destinos rurales.<\/p>\n<p>&nbsp;<\/p>\n<p>[\/et_pb_text][\/et_pb_column][et_pb_column type=\u00bb1_2&#8243; _builder_version=\u00bb4.9.2&#8243; _module_preset=\u00bbdefault\u00bb][et_pb_image src=\u00bbhttps:\/\/www.dynamic-partners.es\/wp-content\/uploads\/2026\/03\/cieza.jpg\u00bb title_text=\u00bbcieza\u00bb _builder_version=\u00bb4.9.10&#8243; _module_preset=\u00bbdefault\u00bb width=\u00bb91.2%\u00bb max_width=\u00bb95%\u00bb min_height=\u00bb335px\u00bb height=\u00bb317px\u00bb max_height=\u00bb356px\u00bb custom_margin=\u00bb113px|49px|-16px|||\u00bb custom_padding=\u00bb3px||0px|||\u00bb][\/et_pb_image][et_pb_image src=\u00bbhttps:\/\/www.dynamic-partners.es\/wp-content\/uploads\/2026\/03\/brihuega.jpg\u00bb title_text=\u00bbbrihuega\u00bb _builder_version=\u00bb4.9.10&#8243; _module_preset=\u00bbdefault\u00bb width=\u00bb91.2%\u00bb max_width=\u00bb95%\u00bb min_height=\u00bb320px\u00bb height=\u00bb317px\u00bb max_height=\u00bb356px\u00bb custom_margin=\u00bb54px|49px|-16px|||\u00bb custom_padding=\u00bb3px||0px|||\u00bb][\/et_pb_image][et_pb_image src=\u00bbhttps:\/\/www.dynamic-partners.es\/wp-content\/uploads\/2026\/03\/patio-cordobes-s584981713.jpg_1911827709.avif\u00bb title_text=\u00bbpatio-cordobes-s584981713.jpg_1911827709&#8243; _builder_version=\u00bb4.9.10&#8243; _module_preset=\u00bbdefault\u00bb width=\u00bb91.2%\u00bb max_width=\u00bb95%\u00bb min_height=\u00bb185px\u00bb height=\u00bb317px\u00bb max_height=\u00bb356px\u00bb custom_margin=\u00bb27px|49px|-16px|||\u00bb custom_padding=\u00bb3px||0px|||\u00bb][\/et_pb_image][\/et_pb_column][\/et_pb_row][et_pb_row column_structure=\u00bb1_2,1_2&#8243; _builder_version=\u00bb4.9.10&#8243; _module_preset=\u00bbdefault\u00bb width=\u00bb95%\u00bb min_height=\u00bb371.5px\u00bb custom_margin=\u00bb15px|auto||auto||\u00bb custom_padding=\u00bb25px|||||\u00bb][et_pb_column type=\u00bb1_2&#8243; _builder_version=\u00bb4.9.2&#8243; _module_preset=\u00bbdefault\u00bb][et_pb_text _builder_version=\u00bb4.9.10&#8243; _module_preset=\u00bbdefault\u00bb header_3_text_color=\u00bb#5509f7&#8243;]<\/p>\n<h3>El cerezo como protagonista<\/h3>\n<p>[\/et_pb_text][et_pb_text _builder_version=\u00bb4.9.10&#8243; _module_preset=\u00bbdefault\u00bb custom_margin=\u00bb||60px|||\u00bb custom_padding=\u00bb||43px|||\u00bb]<\/p>\n<p>Once pueblos te dan la bienvenida al<strong> Valle, al norte de C\u00e1ceres<\/strong>, al que te recomendamos llegar en coche. Dos opciones de rutas por carretera, una circular y una lineal, ser\u00e1n tus gu\u00edas para descubrir de forma progresiva la floraci\u00f3n del cerezo. Esta explosi\u00f3n natural, que dura unos diez d\u00edas y se produce entre mediados de marzo y principios de abril, tiene una fecha clave: <strong>la Fiesta del Cerezo en Flor<\/strong>, que re\u00fane cultura, m\u00fasica, gastronom\u00eda y exposiciones en torno al \u00e1rbol. Pero, adem\u00e1s, se organizan todo tipo de actividades que se suelen desarrollar entre marzo y principios de mayo.<br \/>En este rinc\u00f3n de C\u00e1ceres no solo las flores nos atraen al valle. Tambi\u00e9n te recomendamos conocerlo a partir de mayo, cuando comienza la recolecci\u00f3n de la fruta. As\u00ed, hasta mediados de agosto, se celebra la denominada <strong>Cerecera<\/strong>, una \u00e9poca en la que se suceden actividades como degustaciones o rutas por los campos. Adem\u00e1s, no te marches del Jerte sin llevarte unas cuantas cerezas con Denominaci\u00f3n de Origen, ni sin probar las especialidades locales, como las migas de pastor o los guisos de cordero.<\/p>\n<p>[\/et_pb_text][et_pb_text _builder_version=\u00bb4.9.10&#8243; _module_preset=\u00bbdefault\u00bb header_3_text_color=\u00bb#5509f7&#8243;]<\/p>\n<h3>Formar parte de la Semana Santa, Sant Jordi, la Feria de Abril o San Isidro<\/h3>\n<p>[\/et_pb_text][\/et_pb_column][et_pb_column type=\u00bb1_2&#8243; _builder_version=\u00bb4.9.2&#8243; _module_preset=\u00bbdefault\u00bb][et_pb_image src=\u00bbhttps:\/\/www.dynamic-partners.es\/wp-content\/uploads\/2026\/03\/valle-jerte-cerezos-flor-extremadura-s1108112057.avif\u00bb title_text=\u00bbvalle-jerte-cerezos-flor-extremadura-s1108112057&#8243; _builder_version=\u00bb4.9.10&#8243; _module_preset=\u00bbdefault\u00bb width=\u00bb91.2%\u00bb max_width=\u00bb95%\u00bb min_height=\u00bb335px\u00bb height=\u00bb317px\u00bb max_height=\u00bb356px\u00bb custom_margin=\u00bb72px|49px|-16px|||\u00bb custom_padding=\u00bb3px||0px|||\u00bb][\/et_pb_image][\/et_pb_column][\/et_pb_row][et_pb_row column_structure=\u00bb1_2,1_2&#8243; _builder_version=\u00bb4.9.2&#8243; _module_preset=\u00bbdefault\u00bb width=\u00bb95%\u00bb][et_pb_column type=\u00bb1_2&#8243; _builder_version=\u00bb4.9.2&#8243; _module_preset=\u00bbdefault\u00bb][et_pb_text _builder_version=\u00bb4.9.10&#8243; _module_preset=\u00bbdefault\u00bb]<\/p>\n<p>M\u00e1s all\u00e1 de las flores, estas tres son las fiestas por excelencia de esta estaci\u00f3n. <strong>La Semana Santa<\/strong> (entre marzo y abril) tiene un car\u00e1cter religioso, las procesiones que se organizan tienen siglos de tradici\u00f3n y seguro que te sorprender\u00e1 la emoci\u00f3n que se desprende.<br \/>El 23 de abril es la fiesta por excelencia de <strong>Barcelona, Sant Jordi<\/strong>, y la tradici\u00f3n manda que se regalen libros y rosas. Rosas, libros y enamorados: nunca faltan en Barcelona el 23 de abril. El D\u00eda Internacional del Libro se convierte en Catalu\u00f1a en una jornada festiva especialmente rom\u00e1ntica. Es cuando los catalanes celebran su patr\u00f3n, Sant Jordi, saliendo a la calle para cumplir con una curiosa tradici\u00f3n popular.<br \/>Entre abril y mayo, le toca el turno a <strong>Sevilla y su Feria de Abril,<\/strong> cuando las casetas de su recinto ferial se llenan de gente bailando sevillanas y pas\u00e1ndolo bien. Durante una semana Sevilla vive solo para esta fiesta. La m\u00fasica, la gastronom\u00eda, el baile y las ganas de divertirse crean un ambiente muy especial.<br \/>Y otra fiesta popular en esta temporada es <strong>\u201cSan Isidro\u201d,<\/strong> a mediados de mayo Madrid presenta su cara m\u00e1s festiva y acogedora. Los madrile\u00f1os celebran su patr\u00f3n, San Isidro Labrador (su d\u00eda es el 15 de mayo), haciendo gala de nuestra principal se\u00f1a de identidad: la hospitalidad.<\/p>\n<p>&nbsp;<\/p>\n<p>[\/et_pb_text][et_pb_text _builder_version=\u00bb4.9.10&#8243; _module_preset=\u00bbdefault\u00bb header_3_text_color=\u00bb#5509f7&#8243;]<\/p>\n<h3><strong>Flash News del sector<\/strong><\/h3>\n<p>[\/et_pb_text][\/et_pb_column][et_pb_column type=\u00bb1_2&#8243; _builder_version=\u00bb4.9.2&#8243; _module_preset=\u00bbdefault\u00bb][et_pb_image src=\u00bbhttps:\/\/www.dynamic-partners.es\/wp-content\/uploads\/2026\/03\/casa-batllo-barcelona-sant-jordi-pixabay1348260.avif\u00bb title_text=\u00bbcasa-batllo-barcelona-sant-jordi-pixabay1348260&#8243; _builder_version=\u00bb4.9.10&#8243; _module_preset=\u00bbdefault\u00bb width=\u00bb73%\u00bb max_width=\u00bb72%\u00bb min_height=\u00bb301px\u00bb height=\u00bb298px\u00bb max_height=\u00bb100px\u00bb custom_margin=\u00bb-44px|-331px||81px||\u00bb custom_padding=\u00bb0px||0px|||\u00bb][\/et_pb_image][et_pb_image src=\u00bbhttps:\/\/www.dynamic-partners.es\/wp-content\/uploads\/2026\/03\/semana-santa-cuenca-F-2-c.avif\u00bb title_text=\u00bbsemana-santa-cuenca-F-2-c\u00bb _builder_version=\u00bb4.9.10&#8243; _module_preset=\u00bbdefault\u00bb width=\u00bb73%\u00bb max_width=\u00bb72%\u00bb min_height=\u00bb301px\u00bb height=\u00bb298px\u00bb max_height=\u00bb100px\u00bb custom_margin=\u00bb-97px|-331px||81px||\u00bb custom_padding=\u00bb71px||0px|||\u00bb][\/et_pb_image][\/et_pb_column][\/et_pb_row][et_pb_row column_structure=\u00bb1_2,1_2&#8243; _builder_version=\u00bb4.9.2&#8243; _module_preset=\u00bbdefault\u00bb width=\u00bb95%\u00bb custom_margin=\u00bb|auto|-70px|auto||\u00bb custom_padding=\u00bb||0px|||\u00bb][et_pb_column type=\u00bb1_2&#8243; _builder_version=\u00bb4.9.2&#8243; _module_preset=\u00bbdefault\u00bb][et_pb_text _builder_version=\u00bb4.9.10&#8243; _module_preset=\u00bbdefault\u00bb header_3_text_color=\u00bb#5509f7&#8243;]<\/p>\n<h3>Madrid, elegido Mejor Destino de Europa 2026 seg\u00fan European Best Destinations<\/h3>\n<p>[\/et_pb_text][et_pb_text _builder_version=\u00bb4.9.10&#8243; _module_preset=\u00bbdefault\u00bb]<\/p>\n<p>Madrid, elegido Mejor Destino de Europa 2026, el mayor reconocimiento tur\u00edstico del continente. El premio lo otorga European Best Destinations, organizaci\u00f3n que promueve el turismo en la Uni\u00f3n Europea. M\u00e1s de 1,3 millones de viajeros internacionales han elegido a la capital como el destino europeo m\u00e1s deseado para 2026, por delante de Nicosia, Verona y Par\u00eds.<br \/>Madrid ha sido elegido Mejor Destino de Europa 2026. La capital ha obtenido la primera posici\u00f3n con 127.438 votos de viajeros internacionales, en un certamen que ha registrado m\u00e1s de 1,3 millones de votos procedentes de todo el mundo.<br \/>Madrid se ha impuesto a destinos como Nicosia (Chipre), la regi\u00f3n de \u0160tajerska (Eslovenia), Verona (Italia) y Par\u00eds (Francia), que han completado las cinco primeras posiciones.<br \/>La organizaci\u00f3n European Best Destinations ha destacado de Madrid su capacidad para combinar un patrimonio cultural de primer nivel con el dinamismo de sus barrios, sus espacios verdes, su arquitectura innovadora y una escena gastron\u00f3mica en constante evoluci\u00f3n, junto a un estilo de vida que conecta con las aspiraciones de los viajeros actuales.<br \/>La entidad subraya que Madrid representa \u201cun nuevo modelo urbano: vibrante y humano, cosmopolita y c\u00e1lido\u201d y que su elecci\u00f3n refleja una tendencia clara entre los viajeros europeos e internacionales hacia destinos que ofrecen cultura, autenticidad y calidad de vida.<br \/>European Best Destinations, con sede en Bruselas, promueve el turismo en Europa en colaboraci\u00f3n con m\u00e1s de 300 oficinas de turismo y con la red EDEN de destinos sostenibles de la Comisi\u00f3n Europea.<br \/>Para seleccionar a los destinos candidatos, se ha realizado un proceso que ha combinado el an\u00e1lisis de datos de Eurostat con tendencias de b\u00fasqueda, crecimiento en redes sociales y visibilidad medi\u00e1tica internacional de los destinos, seguido de una votaci\u00f3n abierta entre viajeros registrados de todo el mundo, en la que los participantes no pueden votar por territorios de su propio pa\u00eds.<\/p>\n<p>En los dos \u00faltimos a\u00f1os, la capital ha revalidado el segundo puesto como destino urbano m\u00e1s atractivo del planeta seg\u00fan Euromonitor, se encuentra entre las cinco mejores ciudades del mundo seg\u00fan Resonance, ha sido nombrada la ciudad m\u00e1s deseada de Europa seg\u00fan la revista brit\u00e1nica Wanderlust y ha sido premiada como mejor destino de congresos y reuniones del mundo por World Travel Awards.<\/p>\n<p>[\/et_pb_text][et_pb_text _builder_version=\u00bb4.9.10&#8243; _module_preset=\u00bbdefault\u00bb header_3_text_color=\u00bb#5509f7&#8243;]<\/p>\n<h3><strong>Venues<\/strong><\/h3>\n<p>[\/et_pb_text][et_pb_text _builder_version=\u00bb4.9.10&#8243; _module_preset=\u00bbdefault\u00bb header_3_text_color=\u00bb#5509f7&#8243;]<\/p>\n<h3>Club Metr\u00f3polis<\/h3>\n<p>[\/et_pb_text][et_pb_text _builder_version=\u00bb4.9.10&#8243; _module_preset=\u00bbdefault\u00bb]<\/p>\n<p>Ubicado en la confluencia entre las calles Alcal\u00e1 y Gran V\u00eda, este emblem\u00e1tico edificio, uno de los s\u00edmbolos de la zona, fue dise\u00f1ado en 1905 por los arquitectos franceses Jules y Raymond F\u00e9vrier para albergar la compa\u00f1\u00eda de seguros La Uni\u00f3n y el F\u00e9nix, aunque la obra final la llev\u00f3 a cabo el espa\u00f1ol Luis Esteve. Desde enero de 2026, el p\u00fablico puede disfrutar de varios espacios de alta gastronom\u00eda y un hotel boutique en el Club Metr\u00f3polis.<br \/>El edificio Metr\u00f3polis es uno de los principales iconos de la Gran V\u00eda, protagonista de las instant\u00e1neas de miles de turistas que cada a\u00f1o fotograf\u00edan la vista de esta avenida desde los alrededores de la Plaza de Cibeles. Levantado sobre el solar de la \u201ccasa del ata\u00fad\u201d, llamada as\u00ed popularmente por su estrecha fachada, fue construido entre 1907 y 1910 en el marco de la creaci\u00f3n del primer tramo de la Gran V\u00eda, quedando inaugurado el 25 de enero de 1911.<br \/>Esta suntuosa edificaci\u00f3n preside el comienzo de la Gran V\u00eda con su fachada neorrenacentista de columnas corintias y una c\u00fapula de pizarra de incrustaciones doradas, sobre la que se sit\u00faa una estatua de la Victoria alada, realizada por Federico Coullaut, que antiguamente fue un Ave F\u00e9nix, s\u00edmbolo de la compa\u00f1\u00eda de seguros que inicialmente ocup\u00f3 el inmueble. <br \/>Despu\u00e9s de cinco a\u00f1os de obras, en enero de 2026 se inaugura, de la mano del grupo Paraguas, este nuevo espacio dentro del edificio Metr\u00f3polis, que re\u00fane un club privado internacional, siete originales restaurantes de alta gastronom\u00eda, un hotel boutique y una magn\u00edfica terraza.<br \/>El nuevo Club Metr\u00f3polis ocupa m\u00e1s de 6000 m\u00b2 distribuidos en ocho plantas, cuatro de ellas abiertas al p\u00fablico en general. El resto est\u00e1 reservado para los socios procedentes de todo el mundo.<br \/>Las zonas abiertas a todo el p\u00fablico son :<br \/>Planta &#8211; 1: Un sorprendente espacio nocturno que incluye la zona Spa de Langostas, un restaurante donde la langosta es la gran protagonista de una cocina que sintetiza tradici\u00f3n y contemporaneidad, y una zona de baile con DJ. Abierto desde \u00faltima hora de la tarde hasta la madrugada.<br \/>Planta 0: Con los restaurantes Tasca Fina, que reinterpreta la esencia de la taberna espa\u00f1ola, y Barra de Oricios, en el que se puede disfrutar de los mejores productos de las costas espa\u00f1olas. Abierta desde primera hora del d\u00eda hasta la madrugada (8:00 am-4 am).<br \/>Plantas 3 y 4: en ellas se encuentra el Hotel Boutique, con 19 suites, con vistas privilegiadas a Cibeles, Alcal\u00e1, El Retiro y Gran V\u00eda.<\/p>\n<p>[\/et_pb_text][et_pb_text _builder_version=\u00bb4.9.10&#8243; _module_preset=\u00bbdefault\u00bb header_3_text_color=\u00bb#5509f7&#8243;]<\/p>\n<h3>As\u00ed es La Azotea, el mejor lugar para disfrutar del esperado regreso de la F\u00f3rmula 1 a Madrid: espectaculares vistas panor\u00e1micas, m\u00fasica en directo e incluso una piscina<\/h3>\n<p>[\/et_pb_text][et_pb_text _builder_version=\u00bb4.9.10&#8243; _module_preset=\u00bbdefault\u00bb]<\/p>\n<p>Cada vez queda menos para el esperado regreso de la F\u00f3rmula 1 a Madrid. Este a\u00f1o, los coches m\u00e1s veloces del mundo volver\u00e1n a la pista de la capital, con la celebraci\u00f3n del <strong>Gran Premio de Espa\u00f1a de F\u00f3rmula 1, bautizado como MADRING<\/strong>. Y, para los amantes de la velocidad, tan solo hace falta tomar una decisi\u00f3n: d\u00f3nde ver una de las competiciones m\u00e1s imponentes de todas.<br \/>En las alturas del nuevo circuito semiurbano de MADRING, se ubica &#8216;<strong>La Azotea&#8217;<\/strong>, la espectacular estructura de tres plantas con restaurante, zonas lounge, piscinas y terraza panor\u00e1mica en la codiciada curva &#8216;La Monumental&#8217;. Dise\u00f1ada como un enclave exclusivo desde el que contemplar la emoci\u00f3n del Gran Premio, &#8216;La Azotea&#8217; debutar\u00e1 durante esta especial jornada para los amantes de la F\u00f3rmula 1, evento que se celebrar\u00e1 entre los d\u00edas 11 y 13 de septiembre.<br \/>Con una arquitectura contempor\u00e1nea y una estructura elegante donde el vidrio y la luz natural dialogan con el skyline de Madrid, en su terraza superior, una delicada cubierta de tela blanca tamiza el sol y proyecta una atm\u00f3sfera luminosa y sofisticada. Desde all\u00ed, amplias ventanas y plataformas abiertas ofrecen vistas panor\u00e1micas de 360\u00b0 tanto a la ciudad como a algunos de los puntos m\u00e1s emblem\u00e1ticos del trazado de MADRING creando un escenario privilegiado para vivir la F\u00f3rmula 1 desde una perspectiva in\u00e9dita.<br \/>Situada en &#8216;La Monumental&#8217;, la curva m\u00e1s ic\u00f3nica del circuito, &#8216;La Azotea&#8217; se concibe como una experiencia multizona que fusiona gastronom\u00eda, entretenimiento y deporte, e incluye un restaurante, terrazas panor\u00e1micas, zonas lounge y un animado festival &#8216;site&#8217;, al igual que una grada privada con vistas directas a la imponente curva peraltada.<br \/>&#8216;La Azotea&#8217;, un espacio dividido en tres plantas con restaurante, lounge y terraza con vistas al trazado y skyline de Madrid, abre sus puertas el s\u00e1bado, de 09.00 a 23.00 h, y el domingo, de 09.00 a 19.00 h, present\u00e1ndose como una zona vibrante donde experimentar lo m\u00e1s emocionante de este deporte, con cinco zonas exclusivas, cada una concebida para ofrecer una experiencia diferente. M\u00e1s all\u00e1 de la carrera, &#8216;La Azotea&#8217; ofrecer\u00e1 una programaci\u00f3n de entretenimiento dise\u00f1ada para capturar el esp\u00edritu cosmopolita de Madrid, con invitados especiales, djs, m\u00fasica en directo y actuaciones en directo. <br \/>M\u00e1s all\u00e1 de La Azotea, el circuito de MADRING cuenta con una variedad de zonas para disfrutar de la competici\u00f3n m\u00e1s intensa y veloz, como puede ser &#8216;<strong>El Mirador&#8217;,<\/strong> un espacio al aire libre con un ambiente inspirado en un exclusivo &#8216;beach club&#8217;, con vistas \u00fanicas a la curva peraltada de &#8216;La Monumental&#8217; c\u00f3cteles, tapas gourmet y sesiones de DJ; &#8216;<strong>La Terminal<\/strong>&#8216;, un &#8216;fan hub&#8217; con dise\u00f1o tipo hangar, y que dispone de varios simuladores de carreras, coches en exhibici\u00f3n, charlas con expertos, pantallas gigantes y acceso a las gradas, al igual que &#8216;food trucks&#8217; y puestos gastron\u00f3micos; &#8216;<strong>Ignition Club&#8217;<\/strong>, con actividades inmersivas, una selecci\u00f3n de gastronom\u00eda local e internacional y barra libre de bebidas; &#8216;<strong>Club 91&#8242;<\/strong>, un lounge de lujo con vistas al circuito sobre la l\u00ednea de salida y meta, directamente frente a los garajes, acompa\u00f1ado de alta cocina con estrella Michelin y c\u00f3cteles de autor, al igual que acceso exclusivo a las after-parties despu\u00e9s de la carrera, y &#8216;Traction Club&#8217;, con cocina en vivo, m\u00fasica en directo y barra libre.<br \/>C\u00f3mo ser\u00e1 el futuro Gran Premio de Espa\u00f1a<br \/>El Gran Premio de Espa\u00f1a tendr\u00e1 su l\u00ednea de salida frente al pabell\u00f3n principal de IFEMA, rodeando los pabellones y continuando por el t\u00fanel de Valdebebas, donde se ubicar\u00e1 la curva peraltada, al igual que la mayor\u00eda de puntos de adelantamiento. Finalmente, se usar\u00e1 otro t\u00fanel para regresar al recinto ferial y rodear la otra parte de los pabellones, para desembocar en la recta de meta.<\/p>\n<p>[\/et_pb_text][et_pb_text _builder_version=\u00bb4.9.10&#8243; _module_preset=\u00bbdefault\u00bb header_3_text_color=\u00bb#5509f7&#8243;]<\/p>\n<h3>Los due\u00f1os de los hoteles Wellington y Claridge Madrid crecen fuera de la capital<\/h3>\n<p>[\/et_pb_text][et_pb_text _builder_version=\u00bb4.9.10&#8243; _module_preset=\u00bbdefault\u00bb]<\/p>\n<p>Los propietarios de los hoteles Wellington y Claridge Madrid ampl\u00edan por primera vez su presencia fuera de la capital con el Gran Hotel Claridge Granada, un 5 estrellas Gran Lujo que abrir\u00e1 en pleno centro hist\u00f3rico de la ciudad, con Miguel Est\u00e9vez al frente como director. Miembro de Preferred Hotels &amp; Resorts dentro de la L.V.X. Collection, est\u00e1 ubicado frente a la Catedral con 70 habitaciones y suites y una propuesta que integra patrimonio, gastronom\u00eda y bienestar. El proyecto se levanta sobre el hist\u00f3rico emplazamiento de la antigua Alh\u00f3ndiga de los Genoveses, que funcion\u00f3 entre los siglos XIII y XV como centro de intercambio de productos de lujo y cuyos restos arqueol\u00f3gicos se han integrado en el propio hotel.<br \/>Las estancias se organizan en torno a un patio de inspiraci\u00f3n nazar\u00ed y se distribuyen en diferentes tipolog\u00edas, algunas con vistas directas a la Catedral y otras con terraza privada. Los restos del edificio original, extra\u00eddos de la excavaci\u00f3n que se llev\u00f3 a cabo durante el desarrollo del hotel, ahora forman parte de una galer\u00eda arquLa oferta gastron\u00f3mica se articula en torno a varios espacios. Inizio Andalusian Cuisine ser\u00e1 el restaurante gastron\u00f3mico del hotel, con una propuesta basada en cocina de autor, producto local y reinterpretaci\u00f3n contempor\u00e1nea del recetario andaluz.<br \/>eol\u00f3gica visitable integrada en el propio establecimiento.<br \/>En la azotea se ubicar\u00e1 Zima Luz &amp; Top, un espacio con vistas que abarcan desde la Alhambra hasta Sierra Nevada. El rooftop combinar\u00e1 restauraci\u00f3n y c\u00f3cteles de autor, con una propuesta dirigida tanto a hu\u00e9spedes como a p\u00fablico local.<br \/>El hotel tambi\u00e9n contar\u00e1 con el Gran Lobby Bar, concebido como punto de encuentro con biblioteca, chimeneas e infusiones inspiradas en los jardines del Generalife. La propuesta se completa con Wellness Boutique, concepto de spa urbano que ya opera en Madrid. El espacio integrar\u00e1 tratamientos personalizados, cabinas de dise\u00f1o y un circuito de aguas, adem\u00e1s de una terraza wellness con vistas a la Alhambra, el Albaic\u00edn y la Catedral donde se programar\u00e1n actividades como yoga, meditaci\u00f3n o entrenamiento al aire libre.<\/p>\n<p>[\/et_pb_text][\/et_pb_column][et_pb_column type=\u00bb1_2&#8243; _builder_version=\u00bb4.9.2&#8243; _module_preset=\u00bbdefault\u00bb][et_pb_image src=\u00bbhttps:\/\/www.dynamic-partners.es\/wp-content\/uploads\/2026\/03\/madrid-destino-2026.jpg\u00bb title_text=\u00bbmadrid destino 2026&#8243; _builder_version=\u00bb4.9.10&#8243; _module_preset=\u00bbdefault\u00bb width=\u00bb81.3%\u00bb max_width=\u00bb84%\u00bb min_height=\u00bb307px\u00bb height=\u00bb308px\u00bb max_height=\u00bb860px\u00bb custom_margin=\u00bb189px|70px|41px|70px||true\u00bb custom_padding=\u00bb|49px|0px|||\u00bb][\/et_pb_image][et_pb_image src=\u00bbhttps:\/\/www.dynamic-partners.es\/wp-content\/uploads\/2025\/12\/madrid-vibrante.jpg\u00bb title_text=\u00bbmadrid vibrante\u00bb _builder_version=\u00bb4.9.10&#8243; _module_preset=\u00bbdefault\u00bb width=\u00bb81.3%\u00bb max_width=\u00bb84%\u00bb min_height=\u00bb307px\u00bb height=\u00bb308px\u00bb max_height=\u00bb860px\u00bb custom_margin=\u00bb118px|70px|41px|70px||true\u00bb custom_padding=\u00bb|49px|0px|||\u00bb][\/et_pb_image][et_pb_image src=\u00bbhttps:\/\/www.dynamic-partners.es\/wp-content\/uploads\/2026\/03\/club-metropolis.avif\u00bb title_text=\u00bbclub metropolis\u00bb _builder_version=\u00bb4.9.10&#8243; _module_preset=\u00bbdefault\u00bb width=\u00bb81.3%\u00bb max_width=\u00bb84%\u00bb min_height=\u00bb307px\u00bb height=\u00bb308px\u00bb max_height=\u00bb860px\u00bb custom_margin=\u00bb346px|70px|41px|70px||true\u00bb custom_padding=\u00bb|49px|0px|||\u00bb][\/et_pb_image][et_pb_image src=\u00bbhttps:\/\/www.dynamic-partners.es\/wp-content\/uploads\/2026\/03\/spa-de-langostas-club-metropolis.webp\u00bb title_text=\u00bbspa de langostas club metropolis\u00bb _builder_version=\u00bb4.9.10&#8243; _module_preset=\u00bbdefault\u00bb width=\u00bb81.3%\u00bb max_width=\u00bb84%\u00bb min_height=\u00bb307px\u00bb height=\u00bb308px\u00bb max_height=\u00bb860px\u00bb custom_margin=\u00bb62px|70px|41px|70px||true\u00bb custom_padding=\u00bb|49px|0px|||\u00bb][\/et_pb_image][et_pb_image src=\u00bbhttps:\/\/www.dynamic-partners.es\/wp-content\/uploads\/2026\/03\/La-Azotea-view-scaled.webp\u00bb title_text=\u00bbLa Azotea view\u00bb _builder_version=\u00bb4.9.10&#8243; _module_preset=\u00bbdefault\u00bb width=\u00bb81.3%\u00bb max_width=\u00bb84%\u00bb min_height=\u00bb307px\u00bb height=\u00bb308px\u00bb max_height=\u00bb860px\u00bb custom_margin=\u00bb475px|70px|41px|70px||true\u00bb custom_padding=\u00bb|49px|0px|||\u00bb][\/et_pb_image][et_pb_image src=\u00bbhttps:\/\/www.dynamic-partners.es\/wp-content\/uploads\/2026\/03\/La-Azotea.webp\u00bb title_text=\u00bbLa Azotea\u00bb _builder_version=\u00bb4.9.10&#8243; _module_preset=\u00bbdefault\u00bb width=\u00bb81.3%\u00bb max_width=\u00bb84%\u00bb min_height=\u00bb307px\u00bb height=\u00bb308px\u00bb max_height=\u00bb860px\u00bb custom_margin=\u00bb89px|70px|41px|70px||true\u00bb custom_padding=\u00bb|49px|0px|||\u00bb][\/et_pb_image][et_pb_image src=\u00bbhttps:\/\/www.dynamic-partners.es\/wp-content\/uploads\/2026\/03\/La-Azotea-lounge-scaled.webp\u00bb title_text=\u00bbLa Azotea -lounge\u00bb _builder_version=\u00bb4.9.10&#8243; _module_preset=\u00bbdefault\u00bb width=\u00bb81.3%\u00bb max_width=\u00bb84%\u00bb min_height=\u00bb307px\u00bb height=\u00bb308px\u00bb max_height=\u00bb860px\u00bb custom_margin=\u00bb114px|70px|41px|70px||true\u00bb custom_padding=\u00bb|49px|0px|||\u00bb][\/et_pb_image][et_pb_image src=\u00bbhttps:\/\/www.dynamic-partners.es\/wp-content\/uploads\/2026\/03\/L_204820_nuevo-hotel-5-estrellas-gran-lujo-frente-a-la-catedral-de-granada.jpg\u00bb title_text=\u00bbL_204820_nuevo-hotel-5-estrellas-gran-lujo-frente-a-la-catedral-de-granada\u00bb _builder_version=\u00bb4.9.10&#8243; _module_preset=\u00bbdefault\u00bb width=\u00bb81.3%\u00bb max_width=\u00bb84%\u00bb min_height=\u00bb307px\u00bb height=\u00bb308px\u00bb max_height=\u00bb860px\u00bb custom_margin=\u00bb426px|70px|41px|70px||true\u00bb custom_padding=\u00bb|49px|0px|||\u00bb][\/et_pb_image][et_pb_image src=\u00bbhttps:\/\/www.dynamic-partners.es\/wp-content\/uploads\/2026\/03\/L_205443_nuevo-hotel-5-estrellas-gran-lujo-frente-a-la-catedral-de-granada.jpg\u00bb title_text=\u00bbL_205443_nuevo-hotel-5-estrellas-gran-lujo-frente-a-la-catedral-de-granada\u00bb _builder_version=\u00bb4.9.10&#8243; _module_preset=\u00bbdefault\u00bb width=\u00bb81.3%\u00bb max_width=\u00bb84%\u00bb min_height=\u00bb307px\u00bb height=\u00bb308px\u00bb max_height=\u00bb860px\u00bb custom_margin=\u00bb30px|70px|41px|70px||true\u00bb custom_padding=\u00bb|49px|0px|||\u00bb][\/et_pb_image][\/et_pb_column][\/et_pb_row][et_pb_row column_structure=\u00bb1_2,1_2&#8243; _builder_version=\u00bb4.9.2&#8243; _module_preset=\u00bbdefault\u00bb width=\u00bb95%\u00bb][et_pb_column type=\u00bb1_2&#8243; _builder_version=\u00bb4.9.2&#8243; _module_preset=\u00bbdefault\u00bb][et_pb_text _builder_version=\u00bb4.9.10&#8243; _module_preset=\u00bbdefault\u00bb header_3_text_color=\u00bb#5509f7&#8243; custom_margin=\u00bb27px|||||\u00bb]<\/p>\n<h3><strong>Conexiones<\/strong><\/h3>\n<p>[\/et_pb_text][\/et_pb_column][et_pb_column type=\u00bb1_2&#8243; _builder_version=\u00bb4.9.2&#8243; _module_preset=\u00bbdefault\u00bb][\/et_pb_column][\/et_pb_row][et_pb_row column_structure=\u00bb1_2,1_2&#8243; _builder_version=\u00bb4.9.2&#8243; _module_preset=\u00bbdefault\u00bb width=\u00bb95%\u00bb][et_pb_column type=\u00bb1_2&#8243; _builder_version=\u00bb4.9.2&#8243; _module_preset=\u00bbdefault\u00bb][et_pb_text _builder_version=\u00bb4.9.10&#8243; _module_preset=\u00bbdefault\u00bb header_3_text_color=\u00bb#5509f7&#8243;]<\/p>\n<h3>Iberia eleva su oferta estival con Latinoam\u00e9rica con un incremento global de plazas del 7,6 %<\/h3>\n<p>[\/et_pb_text][et_pb_text _builder_version=\u00bb4.9.10&#8243; _module_preset=\u00bbdefault\u00bb]<\/p>\n<p><strong>La compa\u00f1\u00eda a\u00e9rea espa\u00f1ola pondr\u00e1 a disposici\u00f3n de sus clientes 3.354.159 plazas. Argentina contar\u00e1 con 23 frecuencias semanales entre junio y agosto, con hasta cuatro vuelos diarios. Mientras, el 2 de junio Iberia inaugurar\u00e1 la nueva ruta a Monterrey, con 36.288 plazas hasta el final de la temporada. Por otra parte, la oferta a Brasil crece el 15 % y a Rep\u00fablica Dominicana, el 21 %.<\/strong><br \/>Iberia ha preparado un verano de cifras r\u00e9cord en sus vuelos con Latinoam\u00e9rica al incrementar de forma significativa, su capacidad para conectar esta regi\u00f3n con Europa. Con esto, alcanzar\u00e1 las 3.354.159 plazas, lo que supone un crecimiento del 7,6 % respecto a la temporada estival anterior.<br \/>Estas cifras son posibles, seg\u00fan Iberia, gracias al desarrollo del Plan de Vuelo2030, cuya ejecuci\u00f3n est\u00e1 permitiendo incorporar nuevos aviones y, por tanto, aumentar el n\u00famero de asientos y llevar a cabo la apertura de destinos en esta regi\u00f3n.<br \/>Este aumento de plazas se concentra en mercados clave, como Argentina, donde durante los meses de junio, julio y agosto la operativa a la capital del pa\u00eds se elevar\u00e1 hasta 23 frecuencias semanales, frente a las 21 actuales, por lo que se convertir\u00e1 en el primer destino de largo radio de la compa\u00f1\u00eda en superar los tres vuelos diarios.<br \/>M\u00e9xico tambi\u00e9n registrar\u00e1 un incremento de capacidad gracias a la apertura de una nueva ruta en el pa\u00eds. A partir del 2 de junio, Iberia comenzar\u00e1 a operar vuelos directos entre Madrid y Monterrey, con tres frecuencias semanales, lo que se traduce en 36.288 plazas durante la temporada de verano.<br \/>Este importante crecimiento se extiende igualmente a Brasil, donde la reciente incorporaci\u00f3n de las rutas a Recife y Fortaleza, junto con el refuerzo de la operativa en R\u00edo de Janeiro, permitir\u00e1 ofrecer cerca de 400.000 plazas, un 15 % m\u00e1s que en el verano anterior.<br \/>Por su parte, Rep\u00fablica Dominicana tambi\u00e9n ver\u00e1 reforzada su conectividad de manera relevante, pues durante la temporada de verano europeo el destino contar\u00e1 con entre 10 y 11 frecuencias semanales, superior a las 7-8 frecuencias semanales que se operaron en 2025. Esto har\u00e1 que la capacidad de asientos presente un alza superior al 21 %.<\/p>\n<p>La conectividad entre Puerto Rico y Europa tambi\u00e9n se incrementa en esta temporada de verano, al pasar de entre 7 y 9 frecuencias semanales que se operaron en 2025, a 10-12 frecuencias semanales que se vuelan este a\u00f1o.<br \/>Por otro lado, la conexi\u00f3n entre Santiago de Chile y Madrid es otra de las operaciones que presenta un alza en su capacidad de asientos para la temporada de verano de Iberia, gracias al aumento de frecuencias que esta ruta ha tenido en el \u00faltimo a\u00f1o hasta las 12 actuales, es decir, dos vuelos diarios cinco d\u00edas de la semana. De esta forma, Iberia tiene casi 240.000 asientos entre ambas ciudades, un 7 % m\u00e1s que en la misma temporada del a\u00f1o anterior.<\/p>\n<p>[\/et_pb_text][\/et_pb_column][et_pb_column type=\u00bb1_2&#8243; _builder_version=\u00bb4.9.2&#8243; _module_preset=\u00bbdefault\u00bb][et_pb_image src=\u00bbhttps:\/\/www.dynamic-partners.es\/wp-content\/uploads\/2026\/03\/Iberia_verano-2026.jpg\u00bb title_text=\u00bbIberia_verano-2026&#8243; _builder_version=\u00bb4.9.10&#8243; _module_preset=\u00bbdefault\u00bb width=\u00bb79%\u00bb min_height=\u00bb279.2px\u00bb height=\u00bb286px\u00bb custom_margin=\u00bb180px|-214px|-21px|41px||\u00bb custom_padding=\u00bb|39px|57px|||\u00bb][\/et_pb_image][\/et_pb_column][\/et_pb_row][et_pb_row column_structure=\u00bb1_2,1_2&#8243; _builder_version=\u00bb4.9.2&#8243; _module_preset=\u00bbdefault\u00bb width=\u00bb95%\u00bb][et_pb_column type=\u00bb1_2&#8243; _builder_version=\u00bb4.9.2&#8243; _module_preset=\u00bbdefault\u00bb][et_pb_text _builder_version=\u00bb4.9.10&#8243; _module_preset=\u00bbdefault\u00bb header_3_text_color=\u00bb#5509f7&#8243;]<\/p>\n<h3 style=\"text-align: justify;\"><strong>ARTE: Madrid y m\u00e1s<\/strong><\/h3>\n<p>[\/et_pb_text][et_pb_text _builder_version=\u00bb4.9.10&#8243; _module_preset=\u00bbdefault\u00bb header_3_text_color=\u00bb#5509f7&#8243;]<\/p>\n<h3>Guercino y sus hero\u00ednas b\u00edblicas<\/h3>\n<p>[\/et_pb_text][et_pb_text _builder_version=\u00bb4.9.10&#8243; _module_preset=\u00bbdefault\u00bb]<\/p>\n<p><strong>El Museo Nacional Thyssen-Bornemisza acoge del 16 de marzo al 14 de junio de 2026 una peque\u00f1a muestra que presenta un selecto grupo de obras de Giovanni Francesco Barbieri, m\u00e1s conocido como Il Guercino, figura clave en el desarrollo de la pintura barroca del norte de Italia.<\/strong><\/p>\n<p>Comisariada por Mar\u00eda Eugenia Alonso, en torno a la obra que el museo Thyssen-Bornemisza posee de Giovanni Francesco Barbieri (Cento, 1591\u2013Bolonia, 1666), titulada Jes\u00fas y la samaritana en el pozo (hacia 1640\u20131641), esta exposici\u00f3n re\u00fane una serie de pinturas clave para estudiar y mostrar al p\u00fablico la manera en la que el pintor aborda la imagen de la mujer en los temas b\u00edblicos. Una muestra que se complementa con pr\u00e9stamos de otras instituciones. <br \/>La exposici\u00f3n ayudar a profundizar en la relevancia de la representaci\u00f3n de la figura femenina en la producci\u00f3n de tem\u00e1tica religiosa del artista mediante obras en las que recrea determinados pasajes b\u00edblicos en los que desempe\u00f1a el papel protagonista, como Susana y los viejos (Madrid, Museo Nacional del Prado), La mujer ad\u00faltera (Londres, Dulwich Gallery) y Sans\u00f3n y Dalila (Estrasburgo, Mus\u00e9e des Beaux Arts).<br \/>Podr\u00e1n verse seis lienzos que muestran su capacidad narrativa y su dominio del lenguaje gestual en creaciones en las que la mujer encarna a distintas figuras b\u00edblicas bajo la mirada personal\u00edsima del pintor. Mujeres an\u00f3nimas del Nuevo Testamento como la mujer de Samaria y la ad\u00faltera personifican en estas pinturas el modelo de mujer pecadora arrepentida.<\/p>\n<p><strong>Cu\u00e1ndo: hasta el 14 de Junio 2026<\/strong><br \/><strong>D\u00f3nde: Museo Thyssen Bornemisza, Madrid<\/strong><\/p>\n<p>[\/et_pb_text][\/et_pb_column][et_pb_column type=\u00bb1_2&#8243; _builder_version=\u00bb4.9.2&#8243; _module_preset=\u00bbdefault\u00bb][et_pb_image src=\u00bbhttps:\/\/www.dynamic-partners.es\/wp-content\/uploads\/2026\/03\/guercino_y_sus_heroinas_biblicas.png\u00bb title_text=\u00bbguercino_y_sus_heroinas_biblicas\u00bb _builder_version=\u00bb4.9.10&#8243; _module_preset=\u00bbdefault\u00bb width=\u00bb91.7%\u00bb min_height=\u00bb295.8px\u00bb height=\u00bb303px\u00bb custom_margin=\u00bb196px|-89px|35px|-6px||\u00bb custom_padding=\u00bb|1px|32px|||\u00bb][\/et_pb_image][\/et_pb_column][\/et_pb_row][et_pb_row column_structure=\u00bb1_2,1_2&#8243; _builder_version=\u00bb4.9.2&#8243; _module_preset=\u00bbdefault\u00bb width=\u00bb95%\u00bb][et_pb_column type=\u00bb1_2&#8243; _builder_version=\u00bb4.9.2&#8243; _module_preset=\u00bbdefault\u00bb][et_pb_text _builder_version=\u00bb4.9.10&#8243; _module_preset=\u00bbdefault\u00bb header_3_text_color=\u00bb#5509f7&#8243;]<\/p>\n<h3>A la manera de Italia. Espa\u00f1a y el g\u00f3tico mediterr\u00e1neo (1320-1420)<\/h3>\n<p>[\/et_pb_text][et_pb_text _builder_version=\u00bb4.9.10&#8243; _module_preset=\u00bbdefault\u00bb]<\/p>\n<p><strong>El Museo del Prado acoge del 26 de mayo al 20 de septiembre una exposici\u00f3n que tiene como objetivo acercar un fascinante periodo art\u00edstico mediante destacando el uso de la t\u00e9cnica como medio de expresi\u00f3n en las obras de lujo. Podr\u00e1 verse una selecci\u00f3n de m\u00e1s de un centenar de obras de diversas t\u00e9cnicas junto a creaciones de maestros italianos como Ambrogio Lorenzetti, Gherardo Starnina o Lupo di Francesco.<\/strong><\/p>\n<p>Comprender el paisaje art\u00edstico de finales de la Edad Media en Espa\u00f1a es dif\u00edcil sin tener en cuenta a Italia. La llegada de artistas y la importaci\u00f3n de obras hizo que innovaciones est\u00e9ticas, t\u00e9cnicas e iconogr\u00e1ficas del Trecento dejar\u00e1n una gran huella en la cultura visual de los reinos peninsulares. Tambi\u00e9n contribuyeron a ello maestros aut\u00f3ctonos que alumbraron declinaciones originales de los modelos italianos. Su sofisticaci\u00f3n t\u00e9cnica y mat\u00e9rica unida a la capacidad para crear nuevas propuestas formales, tipol\u00f3gicas y tem\u00e1ticas fascin\u00f3 a los m\u00e1s refinados espectadores de la \u00e9poca.<br \/>Las dos orillas del Mediterr\u00e1neo occidental fueron el escenario de viajes de ida y vuelta donde las creaciones de los maestros y la mirada de los espectadores estuvieron caracterizadas por el mestizaje art\u00edstico propio de unas identidades mediterr\u00e1neas. <br \/>La exposici\u00f3n presenta al p\u00fablico m\u00e1s de un centenar de obras de diversas t\u00e9cnicas (pintura, escultura, orfebrer\u00eda, manuscritos iluminados, dibujos, bordados, tejidos de seda&#8230;), la mayor\u00eda poco conocidas y algunas nunca antes expuestas. Podr\u00e1n verse obras de relevantes maestros italianos como Ambrogio Lorenzetti, Gherardo Starnina, Lupo di Francesco, Barnaba da Modena, Andrea di Petruccio o Geri Lapi, as\u00ed como creaciones de personalidades aut\u00f3ctonas, caso de Ferrer y Arnau Bassa, los hermanos Serra, Pedro de C\u00f3rdoba o Miquel Alca\u00f1iz. El conjunto de obras procede de 31 instituciones nacionales y 25 extranjeras y la muestra est\u00e1 comisariada por Joan Molina Figueras, Jefe de Colecci\u00f3n de pintura europea hasta 1500.<\/p>\n<p><strong>Cu\u00e1ndo: del 26 de Mayo al 20 de Septiembre 2026<\/strong><br \/><strong>D\u00f3nde: Museo del Prado, Madrid<\/strong><\/p>\n<p>&nbsp;<\/p>\n<p>&nbsp;<\/p>\n<p>[\/et_pb_text][\/et_pb_column][et_pb_column type=\u00bb1_2&#8243; _builder_version=\u00bb4.9.2&#8243; _module_preset=\u00bbdefault\u00bb][et_pb_image src=\u00bbhttps:\/\/www.dynamic-partners.es\/wp-content\/uploads\/2026\/03\/a_la_manera_de_italia._espana_y_el_gotico_mediterraneo_1320-1420.png\u00bb title_text=\u00bba_la_manera_de_italia._espana_y_el_gotico_mediterraneo_1320-1420&#8243; _builder_version=\u00bb4.9.10&#8243; _module_preset=\u00bbdefault\u00bb width=\u00bb95%\u00bb min_height=\u00bb239.8px\u00bb height=\u00bb273px\u00bb custom_margin=\u00bb211px|-89px|17px|-6px||\u00bb custom_padding=\u00bb0px|49px|7px|||\u00bb][\/et_pb_image][\/et_pb_column][\/et_pb_row][et_pb_row column_structure=\u00bb1_2,1_2&#8243; _builder_version=\u00bb4.9.2&#8243; _module_preset=\u00bbdefault\u00bb width=\u00bb95%\u00bb custom_margin=\u00bb-61px|auto||auto||\u00bb][et_pb_column type=\u00bb1_2&#8243; _builder_version=\u00bb4.9.2&#8243; _module_preset=\u00bbdefault\u00bb][et_pb_text _builder_version=\u00bb4.9.10&#8243; _module_preset=\u00bbdefault\u00bb header_3_text_color=\u00bb#5509f7&#8243;]<\/p>\n<h3 style=\"text-align: left;\"><strong>EVENTOS: m\u00fasica, teatro, danza, gastronom\u00eda, cine&#8230;<\/strong><\/h3>\n<p>[\/et_pb_text][et_pb_text _builder_version=\u00bb4.9.10&#8243; _module_preset=\u00bbdefault\u00bb header_3_text_color=\u00bb#5509f7&#8243;]<\/p>\n<h3>Rosal\u00eda<\/h3>\n<p>[\/et_pb_text][et_pb_text _builder_version=\u00bb4.9.10&#8243; _module_preset=\u00bbdefault\u00bb]<\/p>\n<p><strong>La artista del momento inicia en marzo su nueva gira a nivel mundial, LUX TOUR 2026, y actuar\u00e1 cuatro d\u00edas: 30 de marzo y 1, 3 y 4 de abril en el Movistar Arena. La ganadora de once premios Grammy Latinos y dos Premios Grammy presentar\u00e1 los temas de su nuevo \u00e1lbum LUX que ha registrado el debut comercial m\u00e1s potente de su carrera gracias a temas como Berghain y La perla.<\/strong><\/p>\n<p>La cantante y compositora catalana Rosal\u00eda ha revolucionado el panorama musical siendo la artista espa\u00f1ola con m\u00e1s galardones otorgados por la Academia Latina de Artes y Ciencias de la Grabaci\u00f3n por un \u00fanico trabajo, obteniendo once Premios Grammy Latinos y dos premios Grammy en 2020 y 2023 a Mejor \u00e1lbum alternativo o rock latino por El mal querer y Motomami, respectivamente. Adem\u00e1s ha participado en los principales festivales mundiales como Coachella, Primavera Sound, Glastonbury y Lollapalooza, ente otros.<br \/>La innovadora fusi\u00f3n del flamenco cl\u00e1sico con R&amp;B y ritmos electr\u00f3nicos, junto con el gui\u00f1o de la artista a las artes visuales, han convertido a la catalana en una de las artistas m\u00e1s destacadas del panorama musical a nivel internacional. Su \u00e9xito a nivel internacional llega con el lanzamiento de su segundo \u00e1lbum El Mal Querer (2018). Su primer sencillo, Malamente, fue nominado en cinco categor\u00edas al Grammy Latino, ganando dos en la categor\u00eda de Mejor Fusi\u00f3n\/Interpretaci\u00f3n Urbana y Mejor Canci\u00f3n Alternativa. A este tema le siguieron otros \u00e9xitos como Pienso en tu mir\u00e1, un retrato de la violencia de g\u00e9nero, Di mi nombre y Bagdad. <br \/>En 2022 se publica su tercer disco, Motomami, que cont\u00f3 con una gran acogida y ha sido considerado como uno de los \u00e1lbumes m\u00e1s ambiciosos de la d\u00e9cada gracias a temas como La fama, el primer sencillo del disco inspirado en una bachata, Hentai y Chicken Teriyaki.<br \/>En esta nueva gira Rosal\u00eda presenta cuarto \u00e1lbum de estudio, LUX (2025), grabado originalmente con la London Symphony Orchestra bajo la direcci\u00f3n de Dan\u00edel Bjarnason. El disco cuenta con una destacada lista de colaboradores como Bj\u00f6rk, Carminho, Estrella Morente, Silvia P\u00e9rez Cruz, as\u00ed como la Escolan\u00eda de Montserrat y el Coro de C\u00e1mara del Palau de la M\u00fasica Catalana.<br \/>LUX es su trabajo m\u00e1s ambicioso hasta la fecha y presenta una visi\u00f3n \u00fanica que fusiona composici\u00f3n cl\u00e1sica, innovaci\u00f3n en el pop global e intimidad espiritual visible en canciones como Berghain, La perla, Reliquia y Mio Cristo Piange Diamanti. Un \u00e1lbum que debut\u00f3 en el puesto #1 del ranking Global Top Albums de Spotify y logr\u00f3 el mayor debut de streaming de la historia en la plataforma para una artista femenina en espa\u00f1ol.<\/p>\n<p><strong>Cu\u00e1ndo: 30 de Marzo, 1, 2, 3 y 4 de Abril, 2026<\/strong><br \/><strong>D\u00f3nde: Movistar Arena, Madrid<\/strong><br \/><strong>Cu\u00e1ndo: 13, 15, 17, y 18 de Abril, 2026<\/strong><br \/><strong>D\u00f3nde: Palau Sant Jordi, Barcelona<\/strong><\/p>\n<p>[\/et_pb_text][\/et_pb_column][et_pb_column type=\u00bb1_2&#8243; _builder_version=\u00bb4.9.2&#8243; _module_preset=\u00bbdefault\u00bb][et_pb_image src=\u00bbhttps:\/\/www.dynamic-partners.es\/wp-content\/uploads\/2026\/03\/rosalia_2026_0.jpg\u00bb title_text=\u00bbrosalia_2026_0&#8243; _builder_version=\u00bb4.9.10&#8243; _module_preset=\u00bbdefault\u00bb width=\u00bb96.3%\u00bb min_height=\u00bb283.5px\u00bb height=\u00bb276px\u00bb custom_margin=\u00bb230px|-89px|-21px|-6px||\u00bb custom_padding=\u00bb|49px|7px|||\u00bb][\/et_pb_image][et_pb_image src=\u00bbhttps:\/\/www.dynamic-partners.es\/wp-content\/uploads\/2026\/03\/rosalia-tour.jpg\u00bb title_text=\u00bbrosalia tour\u00bb _builder_version=\u00bb4.9.10&#8243; _module_preset=\u00bbdefault\u00bb width=\u00bb83.2%\u00bb max_width=\u00bb84%\u00bb min_height=\u00bb238.5px\u00bb height=\u00bb291px\u00bb max_height=\u00bb285px\u00bb custom_margin=\u00bb103px|-89px|-21px|-6px||\u00bb custom_padding=\u00bb|49px|7px|||\u00bb][\/et_pb_image][\/et_pb_column][\/et_pb_row][et_pb_row column_structure=\u00bb1_2,1_2&#8243; _builder_version=\u00bb4.9.2&#8243; _module_preset=\u00bbdefault\u00bb width=\u00bb95%\u00bb][et_pb_column type=\u00bb1_2&#8243; _builder_version=\u00bb4.9.2&#8243; _module_preset=\u00bbdefault\u00bb][et_pb_text _builder_version=\u00bb4.9.10&#8243; _module_preset=\u00bbdefault\u00bb header_3_text_color=\u00bb#5509f7&#8243;]<\/p>\n<h3>Los chicos del coro, el musical<\/h3>\n<p>[\/et_pb_text][et_pb_text _builder_version=\u00bb4.9.10&#8243; _module_preset=\u00bbdefault\u00bb custom_margin=\u00bb||31px|||\u00bb]<\/p>\n<p>Jos\u00e9 Luis Sixto en el plano esc\u00e9nico y el pianista C\u00e9sar Belda en el musical dirigen la adaptaci\u00f3n teatral de esta prestigiosa pel\u00edcula francesa. Una obra que podr\u00e1 verse de nuevo en el Teatro La Latina del 19 de marzo al 31 de mayo de 2026, con funciones de mi\u00e9rcoles a domingos. Este musical ha sido visto por m\u00e1s de 500 000 espectadores y ha sido el m\u00e1s premiado en su 1\u00aa temporada con 4 premios Teatro Musical, 1 Premio Tal\u00eda, 5 Premios Broadway World, 4 Premios MET y 2 Premis Teatre Musical.<br \/>Su historia tiene como protagonista a Cl\u00e9ment Mathieu, un profesor y m\u00fasico fracasado que en 1949 acepta una oferta de trabajo en El fondo del estanque, un internado para ni\u00f1os problem\u00e1ticos. Al principio le resulta dif\u00edcil manejar a un grupo de j\u00f3venes indisciplinados, pero poco a poco se va adaptando al ambiente escolar mientras intenta controlar las travesuras de los muchachos.<\/p>\n<p>Una noche, tras escucharlos cantar por su cuenta antes de dormir, Cl\u00e9ment observa el potencial que tienen para la m\u00fasica y piensa que esta podr\u00eda ayudarle a meterlos en cintura. As\u00ed, decide crear con ellos un coro de canto, con el que consigue sacar lo mejor de cada uno.<br \/>El filme goz\u00f3 de un gran \u00e9xito tras su estreno en 2004, recibiendo dos nominaciones a los Oscar a la Mejor pel\u00edcula de habla no inglesa y la Mejor canci\u00f3n original, y venciendo los Premios C\u00e9sar a la Mejor m\u00fasica y el Mejor sonido en 2005. Adem\u00e1s, su banda sonora fue aclamada en todo el mundo y se ha convertido en una las m\u00e1s famosas del panorama musical cinematogr\u00e1fico.<\/p>\n<p><strong>Cu\u00e1ndo: del 19 de Marzo al 31 de Mayo, 2026<\/strong><br \/><strong>D\u00f3nde: Teatro la Latina, Madrid<\/strong><\/p>\n<p>[\/et_pb_text][\/et_pb_column][et_pb_column type=\u00bb1_2&#8243; _builder_version=\u00bb4.9.2&#8243; _module_preset=\u00bbdefault\u00bb][et_pb_image src=\u00bbhttps:\/\/www.dynamic-partners.es\/wp-content\/uploads\/2026\/03\/los-chicos-del-coro-el-musical-27.jpeg\u00bb title_text=\u00bblos-chicos-del-coro-el-musical-27&#8243; _builder_version=\u00bb4.9.10&#8243; _module_preset=\u00bbdefault\u00bb width=\u00bb98.3%\u00bb min_height=\u00bb311.9px\u00bb height=\u00bb311px\u00bb custom_margin=\u00bb116px|-89px|-21px|-6px||\u00bb custom_padding=\u00bb|49px|30px|||\u00bb][\/et_pb_image][\/et_pb_column][\/et_pb_row][et_pb_row column_structure=\u00bb1_2,1_2&#8243; _builder_version=\u00bb4.9.10&#8243; _module_preset=\u00bbdefault\u00bb width=\u00bb95%\u00bb][et_pb_column type=\u00bb1_2&#8243; _builder_version=\u00bb4.9.2&#8243; _module_preset=\u00bbdefault\u00bb][et_pb_text _builder_version=\u00bb4.9.10&#8243; _module_preset=\u00bbdefault\u00bb header_3_text_color=\u00bb#5509f7&#8243;]<\/p>\n<h3><strong>Ferias y Eventos<\/strong><\/h3>\n<p>[\/et_pb_text][et_pb_text _builder_version=\u00bb4.9.10&#8243; _module_preset=\u00bbdefault\u00bb header_3_text_color=\u00bb#5509f7&#8243;]<\/p>\n<h3 style=\"text-align: justify;\">39\u00ba Sal\u00f3n Gourmets<\/h3>\n<p>[\/et_pb_text][et_pb_text _builder_version=\u00bb4.9.10&#8243; _module_preset=\u00bbdefault\u00bb]<\/p>\n<p><strong>El Sal\u00f3n Gourmets, el mayor evento dedicado a los productos delicatesen de Europa, celebra su 39\u00aa edici\u00f3n del 13 al 16 de abril de 2026. El recinto ferial IFEMA MADRID (Pabellones 3, 4, 5, 6 y 7) acoger\u00e1 un intenso programa de actividades que acoge concursos, degustaciones, presentaciones, show cookings y conferencias.<\/strong><\/p>\n<p>La Feria de Alimentaci\u00f3n y Bebidas de Calidad m\u00e1s exclusiva de Europa se desarrolla en un espacio de m\u00e1s de 65 000 m2 de exposici\u00f3n donde se congregan alrededor de 2000 prestigiosas compa\u00f1\u00edas, seleccionadas con gran rigurosidad. Se re\u00fanen numerosos compradores profesionales del sector de la restauraci\u00f3n, la distribuci\u00f3n gourmet (grandes superficies, tiendas delicatessen\u2026), Horeca y cadenas hoteleras, entre otros.<br \/>Este encuentro supone un escaparate de tendencias de alta gama que recorre Espa\u00f1a y que en su 39\u00aa edici\u00f3n contar\u00e1 con la participaci\u00f3n de todas las Comunidades Aut\u00f3nomas con la Xunta de Galicia como Comunidad Aut\u00f3noma Invitada. En su \u00faltima edici\u00f3n los visitantes pudieron conocer de cerca, 2 142 nuevos productos, la mayor\u00eda presentado en Innovation y Organic Exhibition Area, dos espacios con los que cuentan los expositores para exponer sus lanzamientos y novedades.<br \/>Otra de las se\u00f1as de identidad de Sal\u00f3n Gourmets es la presencia de m\u00e1s de 50 000 productos de calidad la organizaci\u00f3n de cerca de 1000 actividades en torno al producto. La feria cuenta con ocho escenarios repartidos por los pabellones en los que disfrutar de cl\u00e1sicos como 32\u00ba Concurso de Cortadores de Jam\u00f3n \/ Dehesa de Extremadura, 31\u00ba Campeonato de Espa\u00f1a de Sumilleres Tierra de Sabor, 18\u00ba Campeonato de Espa\u00f1a de Abridores de Ostras &#8211; \u00c9cailleurs \/ Sorlut \/ Grupo Gourmets, 16\u00ba GourmetQuesos, Campeonato de los Mejores Quesos de Espa\u00f1a 2026, con casi 900 quesos en su \u00faltima edici\u00f3n, 15\u00ba Concurso Nacional de C\u00f3cteles Panizo, 12\u00ba Campeonato de Tiraje de Cerveza Estrella Galicia, 9\u00ba Concurso Nacional \u00abEn busca del Mejor Cachopo elaborado con Ternera Asturiana IGP\u00bb, 7\u00ba Campeonato Nacional Arte de Cisoria El Encinar de Humienta \/ Grupo Gourmets o el Desaf\u00edo Xchef by Cervezas 1906.<br \/>Tambi\u00e9n van sumando ediciones el 5\u00ba Campeonato de Espa\u00f1a de Pizzas, el 4\u00ba Master Pinchos Gourmets #productoriojano, el Mejor Montado Ib\u00e9rico by Arturo S\u00e1nchez y Berkel 2026, el D\u00eda de la Cocina Atl\u00e1ntica Conseller\u00eda do Mar y Medio Rural &#8211; Xunta de Galicia y el Campeonato de Gazpachuelos by Sabor a M\u00e1laga que celebra su segunda edici\u00f3n.<br \/>Entre las novedades de 2026 se encuentran el 1\u00ba Parrilla Challenge IRUKI by Embajadores o el Carbonara Challenge by Rummo hasta los tacos canarios con Tacoman\u00eda by IGP Aguacate de Canarias, adem\u00e1s del D\u00eda de Canarias, donde los visitantes podr\u00e1n disfrutar de la cultura canaria a trav\u00e9s de sus productos y culinaria local. Para terminar, Burger Academy by La Finca, una oportunidad para disfrutar de la calidad de la carne de La Finca y el pan premium de Juanito Baker.<\/p>\n<p><strong>Cu\u00e1ndo: del 13 al 16 de Abril 2026<\/strong><br \/><strong>D\u00f3nde: IFEMA, Madrid<\/strong>\u00a0<\/p>\n<p>[\/et_pb_text][et_pb_text _builder_version=\u00bb4.9.10&#8243; _module_preset=\u00bbdefault\u00bb header_3_text_color=\u00bb#5509f7&#8243;]<\/p>\n<h3 style=\"text-align: justify;\"><strong>DEPORTES DE LA TEMPORADA !!!<\/strong><\/h3>\n<p>[\/et_pb_text][et_pb_text _builder_version=\u00bb4.9.10&#8243; _module_preset=\u00bbdefault\u00bb header_3_text_color=\u00bb#5509f7&#8243;]<\/p>\n<h3 style=\"text-align: justify;\">Mutua Madrid Open 2026<\/h3>\n<p>[\/et_pb_text][\/et_pb_column][et_pb_column type=\u00bb1_2&#8243; _builder_version=\u00bb4.9.2&#8243; _module_preset=\u00bbdefault\u00bb][et_pb_image src=\u00bbhttps:\/\/www.dynamic-partners.es\/wp-content\/uploads\/2026\/03\/39o_salon_gourmets_0.png\u00bb title_text=\u00bb39o_salon_gourmets_0&#8243; _builder_version=\u00bb4.9.10&#8243; _module_preset=\u00bbdefault\u00bb width=\u00bb92%\u00bb min_height=\u00bb297.7px\u00bb height=\u00bb294px\u00bb max_height=\u00bb812px\u00bb custom_margin=\u00bb211px|-89px|-8px|-6px||\u00bb custom_padding=\u00bb35px|55px|0px|28px||\u00bb][\/et_pb_image][et_pb_image src=\u00bbhttps:\/\/www.dynamic-partners.es\/wp-content\/uploads\/2026\/03\/Salon-Gourmets-20262-800&#215;321-1.jpg\u00bb title_text=\u00bbSal\u00f3n-Gourmets-20262-800&#215;321&#8243; _builder_version=\u00bb4.9.10&#8243; _module_preset=\u00bbdefault\u00bb width=\u00bb92%\u00bb min_height=\u00bb297.7px\u00bb height=\u00bb294px\u00bb max_height=\u00bb812px\u00bb custom_margin=\u00bb142px|-89px|-8px|-6px||\u00bb custom_padding=\u00bb35px|55px|0px|28px||\u00bb][\/et_pb_image][\/et_pb_column][\/et_pb_row][et_pb_row column_structure=\u00bb1_2,1_2&#8243; _builder_version=\u00bb4.9.10&#8243; _module_preset=\u00bbdefault\u00bb width=\u00bb95%\u00bb custom_margin=\u00bb-77px|auto||auto||\u00bb custom_padding=\u00bb0px|||||\u00bb][et_pb_column type=\u00bb1_2&#8243; _builder_version=\u00bb4.9.2&#8243; _module_preset=\u00bbdefault\u00bb][et_pb_text _builder_version=\u00bb4.9.10&#8243; _module_preset=\u00bbdefault\u00bb]<\/p>\n<p>Los mejores tenistas del mundo se re\u00fanen de nuevo en la Caja M\u00e1gica para la disputa del Mutua Madrid Open que en 2026 celebra su 24\u00aa edici\u00f3n tras haberse convertido en 2021 en un torneo de dos semanas. Madrid acoge al mismo tiempo, del 20 de abril al 3 de mayo de 2026, el ATP Masters 1000 y WTA 1000. En 2025 los campeones fueron la bielorrusa Aryna Sabalenka y el noruego Casper Ruud.<br \/>Desde 2009 la sede donde se disputa el Mutua Madrid Open es la Caja M\u00e1gica, dise\u00f1ada por Dominique Perrault. Un impresionante y moderno complejo ten\u00edstico cuya principal caracter\u00edstica es que cuenta con tres pistas con capacidad para disputar partidos tanto al aire libre como bajo techo gracias a sus cubiertas m\u00f3viles.<\/p>\n<p><strong>Cu\u00e1ndo: del 20 de Abril al 3 de Mayo 2026<\/strong><br \/><strong>D\u00f3nde: La Caja M\u00e1gica, Madrid<\/strong><\/p>\n<p>[\/et_pb_text][et_pb_text _builder_version=\u00bb4.9.10&#8243; _module_preset=\u00bbdefault\u00bb header_3_text_color=\u00bb#5509f7&#8243;]<\/p>\n<h3 style=\"text-align: justify;\">Premios Laureus World Sports<\/h3>\n<p>[\/et_pb_text][et_pb_text _builder_version=\u00bb4.9.10&#8243; _module_preset=\u00bbdefault\u00bb]<\/p>\n<p>La Galer\u00eda de Cristal del Palacio de Cibeles acoge el pr\u00f3ximo 20 de abril a los ganadores de los Premios Laureus World Sports (Laureus World Sports Award), los galardones m\u00e1s prestigiosos del deporte que reconocen a los mejores deportistas y equipos de 2025. Un encuentro que acoge la ciudad de Madrid por tercer a\u00f1o consecutivo, donde los mejores deportistas del mundo compiten en siete categor\u00edas de \u00e9lite.<br \/>Relevantes nombres del mundo del deporte, pasados y presentes, se dar\u00e1n cita en Madrid para rendir homenaje a los mejores deportistas y equipos del a\u00f1o 2025. Cada uno de los ganadores recibir\u00e1 la ansiada estatuilla Laureus, uno de los s\u00edmbolos m\u00e1s reconocibles de la excelencia en el deporte.<br \/>Esto supone el tercer a\u00f1o consecutivo que Madrid acoge esta reconocida gala de premios considerados como los \u00abOscars del deporte\u00bb. Estos premios incluyen la estatuilla denominada El Laureus, que se entrega al ganador de cada una de las siete categor\u00edas de \u00e9lite y el galard\u00f3n votado por las 69 leyendas del deporte de la Laureus World Sports Academy, el Premio Laureus Sport for Good, que reconoce a aquella persona u organizaci\u00f3n que haya contribuido a transformar la vida de ni\u00f1os y j\u00f3venes a trav\u00e9s del deporte. <br \/>Cabe destacar que el futbolista del Real Madrid y ganador del Premio Laureus al Mejor Deportista Revelaci\u00f3n del A\u00f1o 2024, Jude Bellingham, fue anunciado como Embajador Laureus el pasado septiembre, cuando comparti\u00f3 una jornada de f\u00fatbol y trabajo en equipo con ni\u00f1os y ni\u00f1as en la fundaci\u00f3n F\u00fatbol M\u00e1s, apoyada por Laureus.<br \/>Pasadas ediciones de los Premios Laureus han premiado a deportistas como Novak Djokovic y Aitana Bonmat\u00ed en las categor\u00edas masculina y femenina del a\u00f1o y a la selecci\u00f3n espa\u00f1ola femenina de f\u00fatbol como equipo del a\u00f1o; a la gimnasta art\u00edstica estadounidense Simone Biles en la categor\u00eda reaparici\u00f3n del a\u00f1o; o a Diede De Groot como mejor paradeportista; entre otros.<br \/>Desde su creaci\u00f3n, Laureus ha contribuido a mejorar la vida de m\u00e1s de seis millones y medio de ni\u00f1os y j\u00f3venes, y actualmente apoya m\u00e1s de 300 programas comunitarios basados en el deporte en todo el mundo. Con ello ayudan a hacer realidad las visionarias palabras de su Patrono fundador, Nelson Mandela: \u00abEl deporte tiene el poder de cambiar el mundo\u00bb.<\/p>\n<p><strong>Cu\u00e1ndo: 20 de Abril 2025<\/strong><br \/><strong>D\u00f3nde: Palacio de Cibeles, Madrid<\/strong><\/p>\n<p>[\/et_pb_text][et_pb_text _builder_version=\u00bb4.9.10&#8243; _module_preset=\u00bbdefault\u00bb header_3_text_color=\u00bb#5509f7&#8243;]<\/p>\n<h3 style=\"text-align: justify;\">115\u00ba Concurso de Saltos Internacional de Madrid<\/h3>\n<p>[\/et_pb_text][et_pb_text _builder_version=\u00bb4.9.10&#8243; _module_preset=\u00bbdefault\u00bb]<\/p>\n<p>El Club de Campo Villa de Madrid acoge del 15 al 17 de mayo de 2026 la celebraci\u00f3n de la 115\u00aa edici\u00f3n del Concurso de Saltos Internacional de Madrid con la presencia de los mejores jinetes del ranking internacional. Una competici\u00f3n que lleva a\u00f1os formando parte del prestigioso circuito Longines Global Champions Tour, el circuito h\u00edpico internacional m\u00e1s prestigioso y de mayor dotaci\u00f3n econ\u00f3mica del mundo.<br \/>El Club de Campo Villa de Madrid ser\u00e1 el escenario de esta serie donde los mejores jinetes y caballos del mundo competir\u00e1n en un impresionante campo de c\u00e9sped. Un lugar emblem\u00e1tico en la ciudad y un punto de encuentro clave para los amantes de la equitaci\u00f3n.<\/p>\n<p><strong>Cu\u00e1ndo: del 15 al 17 de Mayo 2026<\/strong><br \/><strong>D\u00f3nde: Club de Campo Villa de Madrid<\/strong><\/p>\n<p>[\/et_pb_text][et_pb_text _builder_version=\u00bb4.9.10&#8243; _module_preset=\u00bbdefault\u00bb header_3_text_color=\u00bb#5509f7&#8243;]<\/p>\n<h3 style=\"text-align: justify;\">Automovilismo: Gran Premio de Barcelona-Catalunya de F\u00f3rmula 1<\/h3>\n<p>[\/et_pb_text][et_pb_text _builder_version=\u00bb4.9.10&#8243; _module_preset=\u00bbdefault\u00bb]<\/p>\n<p>En el Circuito de Catalu\u00f1a, en Montmel\u00f3, en la provincia de Barcelona, se celebra el Gran Premio de Barcelona-Catalunya de F\u00f3rmula 1 dentro del calendario del Mundial de Automovilismo.<br \/>Durante los dos d\u00edas previos a la carrera, se realiza la jornada de entrenamientos libres y la clasificatoria para fijar la posici\u00f3n de salida. El Circuito de Catalu\u00f1a dispone de 65.700 asientos, repartidos en 14 tribunas, y m\u00e1s de 35.000 localidades de pelouse. El trazado \u00fanico de esta pista hace de la carrera un reto especial para los pilotos.<br \/><strong>Cu\u00e1ndo: del 12 al 14 de Junio 2026<\/strong><br \/><strong>D\u00f3nde: Circuit de Catalunya, Barcelona<\/strong><\/p>\n<p>[\/et_pb_text][\/et_pb_column][et_pb_column type=\u00bb1_2&#8243; _builder_version=\u00bb4.9.2&#8243; _module_preset=\u00bbdefault\u00bb][et_pb_image src=\u00bbhttps:\/\/www.dynamic-partners.es\/wp-content\/uploads\/2026\/03\/mutua-madrid-open-2026-estadio-manolo-santana-25-nisan-biletleri@2x.jpg\u00bb title_text=\u00bbmutua-madrid-open-2026-estadio-manolo-santana-25-nisan-biletleri@2x\u00bb _builder_version=\u00bb4.9.10&#8243; _module_preset=\u00bbdefault\u00bb width=\u00bb87.5%\u00bb max_width=\u00bb89%\u00bb min_height=\u00bb288.2px\u00bb height=\u00bb291px\u00bb max_height=\u00bb462px\u00bb custom_margin=\u00bb9px|-206px|-158px|-6px||\u00bb custom_padding=\u00bb0px|0px|9px|39px||\u00bb hover_enabled=\u00bb0&#8243; sticky_enabled=\u00bb0&#8243;][\/et_pb_image][et_pb_image src=\u00bbhttps:\/\/www.dynamic-partners.es\/wp-content\/uploads\/2026\/03\/premios_laureus_world_sports_madrid_2026_0.png\u00bb title_text=\u00bbpremios_laureus_world_sports_madrid_2026_0&#8243; _builder_version=\u00bb4.9.10&#8243; _module_preset=\u00bbdefault\u00bb width=\u00bb89.3%\u00bb min_height=\u00bb64.8px\u00bb height=\u00bb251px\u00bb custom_margin=\u00bb322px|-206px|0px|-6px||\u00bb custom_padding=\u00bb2px|0px|7px|39px||\u00bb][\/et_pb_image][et_pb_image src=\u00bbhttps:\/\/www.dynamic-partners.es\/wp-content\/uploads\/2026\/03\/ioli_mytilineou_gran_premio_de_madrid_del_longines_global_champions_tour_2025_saltos.jpg\u00bb title_text=\u00bbioli_mytilineou_gran_premio_de_madrid_del_longines_global_champions_tour_2025_saltos\u00bb _builder_version=\u00bb4.9.10&#8243; _module_preset=\u00bbdefault\u00bb width=\u00bb89.3%\u00bb min_height=\u00bb64.8px\u00bb height=\u00bb251px\u00bb custom_margin=\u00bb784px|-206px|0px|-6px||\u00bb custom_padding=\u00bb2px|0px|7px|39px||\u00bb][\/et_pb_image][et_pb_image src=\u00bbhttps:\/\/www.dynamic-partners.es\/wp-content\/uploads\/2026\/03\/2873280_274528_1750851997146.jpg\u00bb title_text=\u00bb2873280_274528_1750851997146&#8243; _builder_version=\u00bb4.9.10&#8243; _module_preset=\u00bbdefault\u00bb width=\u00bb89.3%\u00bb min_height=\u00bb64.8px\u00bb height=\u00bb251px\u00bb custom_margin=\u00bb155px|-206px|0px|-6px||\u00bb custom_padding=\u00bb2px|0px|7px|39px||\u00bb][\/et_pb_image][\/et_pb_column][\/et_pb_row][et_pb_row _builder_version=\u00bb4.9.10&#8243; _module_preset=\u00bbdefault\u00bb module_alignment=\u00bbcenter\u00bb custom_margin=\u00bb|auto||72px||\u00bb custom_padding=\u00bb|||275px||\u00bb][et_pb_column type=\u00bb4_4&#8243; _builder_version=\u00bb4.9.10&#8243; _module_preset=\u00bbdefault\u00bb][et_pb_image src=\u00bbhttps:\/\/www.dynamic-partners.es\/wp-content\/uploads\/2026\/03\/hello-spring.jpg\u00bb title_text=\u00bbhello spring\u00bb align=\u00bbcenter\u00bb _builder_version=\u00bb4.9.10&#8243; _module_preset=\u00bbdefault\u00bb width=\u00bb68%\u00bb max_width=\u00bb64%\u00bb min_height=\u00bb221px\u00bb height=\u00bb225px\u00bb custom_margin=\u00bb-12px|-262px|-21px|-6px||\u00bb custom_padding=\u00bb|49px|7px|||\u00bb][\/et_pb_image][\/et_pb_column][\/et_pb_row][et_pb_row _builder_version=\u00bb4.9.2&#8243; _module_preset=\u00bbdefault\u00bb width=\u00bb95%\u00bb][et_pb_column type=\u00bb4_4&#8243; _builder_version=\u00bb4.9.2&#8243; _module_preset=\u00bbdefault\u00bb][et_pb_text _builder_version=\u00bb4.9.10&#8243; _module_preset=\u00bbdefault\u00bb]<\/p>\n<p style=\"text-align: center;\"><span style=\"color: #0000ff;\">\u00a0<strong><em>***D&amp;P est\u00e1 a su disposici\u00f3n para ofrecerle un atractivo programa conjuntamente a su asistencia a los eventos y actividades mencionados\u00a0para sus invitados y equipo, solamente\u00a0inf\u00f3rmenos\u00a0de sus objetivos y\u00a0necesidades, nosotros dise\u00f1aremos una propuesta adecuada a sus expectativas y presupuesto<\/em><\/strong>\u00a0<\/span><\/p>\n<p>[\/et_pb_text][et_pb_text _builder_version=\u00bb4.9.10&#8243; _dynamic_attributes=\u00bblink_option_url\u00bb _module_preset=\u00bbdefault\u00bb link_option_url=\u00bb@ET-DC@eyJkeW5hbWljIjp0cnVlLCJjb250ZW50IjoicG9zdF9saW5rX3VybF9wYWdlIiwic2V0dGluZ3MiOnsicG9zdF9pZCI6IjMxNjUifX0=@\u00bb link_option_url_new_window=\u00bbon\u00bb]<\/p>\n<p style=\"text-align: center;\"><a id=\"toggle\" name=\"toggle\" href=\"https:\/\/www.dynamic-partners.es\/?page_id=3165\" target=\"_blank\" rel=\"noopener\"><strong>Si quiere recibir peri\u00f3dicamente nuestro bolet\u00edn de noticias haga click aqu\u00ed\u00a0<\/strong><\/a><\/p>\n<p>[\/et_pb_text][\/et_pb_column][\/et_pb_row][\/et_pb_section][et_pb_section fb_built=\u00bb1&#8243; _builder_version=\u00bb4.9.10&#8243; _module_preset=\u00bbdefault\u00bb][\/et_pb_section][et_pb_section fb_built=\u00bb1&#8243; _builder_version=\u00bb4.9.10&#8243; _module_preset=\u00bbdefault\u00bb][\/et_pb_section]<\/p>\n","protected":false},"excerpt":{"rendered":"<p>NOTICIAS DE\u00a0D&amp;P SU ASESOR DE EVENTOS EN ESPA\u00d1A Y MAS &#8230; Momentos \u00fanicos \u00bfSabes lo que se dice en Espa\u00f1a? \u00a1Que la primavera la sangre altera! Y es que desde que aproximadamente empieza esta estaci\u00f3n el 21 de marzo hasta que finaliza el 21 de junio, las temperaturas se suavizan, comienza la \u00e9poca de floraciones [&hellip;]<\/p>\n","protected":false},"author":2,"featured_media":0,"parent":0,"menu_order":0,"comment_status":"closed","ping_status":"closed","template":"","meta":{"_et_pb_use_builder":"on","_et_pb_old_content":"","_et_gb_content_width":"","footnotes":""},"class_list":["post-3066","page","type-page","status-publish","hentry"],"yoast_head":"<!-- This site is optimized with the Yoast SEO plugin v24.7 - https:\/\/yoast.com\/wordpress\/plugins\/seo\/ -->\n<title>Noticias-1 - DMC Spain \u2013 Destination Management Company in Spain<\/title>\n<meta name=\"robots\" content=\"index, follow, max-snippet:-1, max-image-preview:large, max-video-preview:-1\" \/>\n<link rel=\"canonical\" href=\"https:\/\/www.dynamic-partners.es\/?page_id=3066\" \/>\n<meta property=\"og:locale\" content=\"es_ES\" \/>\n<meta property=\"og:type\" content=\"article\" \/>\n<meta property=\"og:title\" content=\"Noticias-1 - DMC Spain \u2013 Destination Management Company in Spain\" \/>\n<meta property=\"og:description\" content=\"NOTICIAS DE\u00a0D&amp;P SU ASESOR DE EVENTOS EN ESPA\u00d1A Y MAS &#8230; Momentos \u00fanicos \u00bfSabes lo que se dice en Espa\u00f1a? \u00a1Que la primavera la sangre altera! Y es que desde que aproximadamente empieza esta estaci\u00f3n el 21 de marzo hasta que finaliza el 21 de junio, las temperaturas se suavizan, comienza la \u00e9poca de floraciones [&hellip;]\" \/>\n<meta property=\"og:url\" content=\"https:\/\/www.dynamic-partners.es\/?page_id=3066\" \/>\n<meta property=\"og:site_name\" content=\"DMC Spain \u2013 Destination Management Company in Spain\" \/>\n<meta property=\"article:publisher\" content=\"https:\/\/www.facebook.com\/dynamicpartners\/\" \/>\n<meta property=\"article:modified_time\" content=\"2026-03-18T17:01:42+00:00\" \/>\n<meta name=\"twitter:card\" content=\"summary_large_image\" \/>\n<meta name=\"twitter:site\" content=\"@dynamicpartner\" \/>\n<meta name=\"twitter:label1\" content=\"Tiempo de lectura\" \/>\n\t<meta name=\"twitter:data1\" content=\"46 minutos\" \/>\n<script type=\"application\/ld+json\" class=\"yoast-schema-graph\">{\"@context\":\"https:\/\/schema.org\",\"@graph\":[{\"@type\":\"WebPage\",\"@id\":\"https:\/\/www.dynamic-partners.es\/?page_id=3066\",\"url\":\"https:\/\/www.dynamic-partners.es\/?page_id=3066\",\"name\":\"Noticias-1 - DMC Spain \u2013 Destination Management Company in Spain\",\"isPartOf\":{\"@id\":\"https:\/\/www.dynamic-partners.es\/#website\"},\"datePublished\":\"2021-11-15T19:04:41+00:00\",\"dateModified\":\"2026-03-18T17:01:42+00:00\",\"breadcrumb\":{\"@id\":\"https:\/\/www.dynamic-partners.es\/?page_id=3066#breadcrumb\"},\"inLanguage\":\"es\",\"potentialAction\":[{\"@type\":\"ReadAction\",\"target\":[\"https:\/\/www.dynamic-partners.es\/?page_id=3066\"]}]},{\"@type\":\"BreadcrumbList\",\"@id\":\"https:\/\/www.dynamic-partners.es\/?page_id=3066#breadcrumb\",\"itemListElement\":[{\"@type\":\"ListItem\",\"position\":1,\"name\":\"Portada\",\"item\":\"https:\/\/www.dynamic-partners.es\/\"},{\"@type\":\"ListItem\",\"position\":2,\"name\":\"Noticias-1\"}]},{\"@type\":\"WebSite\",\"@id\":\"https:\/\/www.dynamic-partners.es\/#website\",\"url\":\"https:\/\/www.dynamic-partners.es\/\",\"name\":\"DMC Spain \u2013 Destination Management Company in Spain\",\"description\":\"Dynamic &amp; Partners DMC\",\"publisher\":{\"@id\":\"https:\/\/www.dynamic-partners.es\/#organization\"},\"potentialAction\":[{\"@type\":\"SearchAction\",\"target\":{\"@type\":\"EntryPoint\",\"urlTemplate\":\"https:\/\/www.dynamic-partners.es\/?s={search_term_string}\"},\"query-input\":{\"@type\":\"PropertyValueSpecification\",\"valueRequired\":true,\"valueName\":\"search_term_string\"}}],\"inLanguage\":\"es\"},{\"@type\":\"Organization\",\"@id\":\"https:\/\/www.dynamic-partners.es\/#organization\",\"name\":\"DYNAMIC & PARTNERS - Incentives & Conventions SPAIN & PORTUGAL\",\"url\":\"https:\/\/www.dynamic-partners.es\/\",\"logo\":{\"@type\":\"ImageObject\",\"inLanguage\":\"es\",\"@id\":\"https:\/\/www.dynamic-partners.es\/#\/schema\/logo\/image\/\",\"url\":\"https:\/\/www.dynamic-partners.es\/wp-content\/uploads\/2021\/03\/logo_dp_backgoung_white.png\",\"contentUrl\":\"https:\/\/www.dynamic-partners.es\/wp-content\/uploads\/2021\/03\/logo_dp_backgoung_white.png\",\"width\":248,\"height\":80,\"caption\":\"DYNAMIC & PARTNERS - Incentives & Conventions SPAIN & PORTUGAL\"},\"image\":{\"@id\":\"https:\/\/www.dynamic-partners.es\/#\/schema\/logo\/image\/\"},\"sameAs\":[\"https:\/\/www.facebook.com\/dynamicpartners\/\",\"https:\/\/x.com\/dynamicpartner\",\"https:\/\/www.instagram.com\/dynamicpartners\/\"]}]}<\/script>\n<!-- \/ Yoast SEO plugin. -->","yoast_head_json":{"title":"Noticias-1 - DMC Spain \u2013 Destination Management Company in Spain","robots":{"index":"index","follow":"follow","max-snippet":"max-snippet:-1","max-image-preview":"max-image-preview:large","max-video-preview":"max-video-preview:-1"},"canonical":"https:\/\/www.dynamic-partners.es\/?page_id=3066","og_locale":"es_ES","og_type":"article","og_title":"Noticias-1 - DMC Spain \u2013 Destination Management Company in Spain","og_description":"NOTICIAS DE\u00a0D&amp;P SU ASESOR DE EVENTOS EN ESPA\u00d1A Y MAS &#8230; Momentos \u00fanicos \u00bfSabes lo que se dice en Espa\u00f1a? \u00a1Que la primavera la sangre altera! Y es que desde que aproximadamente empieza esta estaci\u00f3n el 21 de marzo hasta que finaliza el 21 de junio, las temperaturas se suavizan, comienza la \u00e9poca de floraciones [&hellip;]","og_url":"https:\/\/www.dynamic-partners.es\/?page_id=3066","og_site_name":"DMC Spain \u2013 Destination Management Company in Spain","article_publisher":"https:\/\/www.facebook.com\/dynamicpartners\/","article_modified_time":"2026-03-18T17:01:42+00:00","twitter_card":"summary_large_image","twitter_site":"@dynamicpartner","twitter_misc":{"Tiempo de lectura":"46 minutos"},"schema":{"@context":"https:\/\/schema.org","@graph":[{"@type":"WebPage","@id":"https:\/\/www.dynamic-partners.es\/?page_id=3066","url":"https:\/\/www.dynamic-partners.es\/?page_id=3066","name":"Noticias-1 - DMC Spain \u2013 Destination Management Company in Spain","isPartOf":{"@id":"https:\/\/www.dynamic-partners.es\/#website"},"datePublished":"2021-11-15T19:04:41+00:00","dateModified":"2026-03-18T17:01:42+00:00","breadcrumb":{"@id":"https:\/\/www.dynamic-partners.es\/?page_id=3066#breadcrumb"},"inLanguage":"es","potentialAction":[{"@type":"ReadAction","target":["https:\/\/www.dynamic-partners.es\/?page_id=3066"]}]},{"@type":"BreadcrumbList","@id":"https:\/\/www.dynamic-partners.es\/?page_id=3066#breadcrumb","itemListElement":[{"@type":"ListItem","position":1,"name":"Portada","item":"https:\/\/www.dynamic-partners.es\/"},{"@type":"ListItem","position":2,"name":"Noticias-1"}]},{"@type":"WebSite","@id":"https:\/\/www.dynamic-partners.es\/#website","url":"https:\/\/www.dynamic-partners.es\/","name":"DMC Spain \u2013 Destination Management Company in Spain","description":"Dynamic &amp; Partners DMC","publisher":{"@id":"https:\/\/www.dynamic-partners.es\/#organization"},"potentialAction":[{"@type":"SearchAction","target":{"@type":"EntryPoint","urlTemplate":"https:\/\/www.dynamic-partners.es\/?s={search_term_string}"},"query-input":{"@type":"PropertyValueSpecification","valueRequired":true,"valueName":"search_term_string"}}],"inLanguage":"es"},{"@type":"Organization","@id":"https:\/\/www.dynamic-partners.es\/#organization","name":"DYNAMIC & PARTNERS - Incentives & Conventions SPAIN & PORTUGAL","url":"https:\/\/www.dynamic-partners.es\/","logo":{"@type":"ImageObject","inLanguage":"es","@id":"https:\/\/www.dynamic-partners.es\/#\/schema\/logo\/image\/","url":"https:\/\/www.dynamic-partners.es\/wp-content\/uploads\/2021\/03\/logo_dp_backgoung_white.png","contentUrl":"https:\/\/www.dynamic-partners.es\/wp-content\/uploads\/2021\/03\/logo_dp_backgoung_white.png","width":248,"height":80,"caption":"DYNAMIC & PARTNERS - Incentives & Conventions SPAIN & PORTUGAL"},"image":{"@id":"https:\/\/www.dynamic-partners.es\/#\/schema\/logo\/image\/"},"sameAs":["https:\/\/www.facebook.com\/dynamicpartners\/","https:\/\/x.com\/dynamicpartner","https:\/\/www.instagram.com\/dynamicpartners\/"]}]}},"_links":{"self":[{"href":"https:\/\/www.dynamic-partners.es\/index.php?rest_route=\/wp\/v2\/pages\/3066","targetHints":{"allow":["GET"]}}],"collection":[{"href":"https:\/\/www.dynamic-partners.es\/index.php?rest_route=\/wp\/v2\/pages"}],"about":[{"href":"https:\/\/www.dynamic-partners.es\/index.php?rest_route=\/wp\/v2\/types\/page"}],"author":[{"embeddable":true,"href":"https:\/\/www.dynamic-partners.es\/index.php?rest_route=\/wp\/v2\/users\/2"}],"replies":[{"embeddable":true,"href":"https:\/\/www.dynamic-partners.es\/index.php?rest_route=%2Fwp%2Fv2%2Fcomments&post=3066"}],"version-history":[{"count":447,"href":"https:\/\/www.dynamic-partners.es\/index.php?rest_route=\/wp\/v2\/pages\/3066\/revisions"}],"predecessor-version":[{"id":10407,"href":"https:\/\/www.dynamic-partners.es\/index.php?rest_route=\/wp\/v2\/pages\/3066\/revisions\/10407"}],"wp:attachment":[{"href":"https:\/\/www.dynamic-partners.es\/index.php?rest_route=%2Fwp%2Fv2%2Fmedia&parent=3066"}],"curies":[{"name":"wp","href":"https:\/\/api.w.org\/{rel}","templated":true}]}}